{"id":74,"date":"2021-11-26T08:00:43","date_gmt":"2021-11-26T08:00:43","guid":{"rendered":"https:\/\/wptf.themepul.com\/ecolar\/?page_id=74"},"modified":"2025-03-10T13:28:45","modified_gmt":"2025-03-10T13:28:45","slug":"uberuns","status":"publish","type":"page","link":"https:\/\/mutterteresa-hwv.ch\/al\/uberuns\/","title":{"rendered":"Uber Uns"},"content":{"rendered":"<div data-elementor-type=\"wp-page\" data-elementor-id=\"74\" class=\"elementor elementor-74\" data-elementor-post-type=\"page\">\n\t\t\t\t\t\t<section class=\"elementor-section elementor-top-section elementor-element elementor-element-697c936 elementor-section-stretched elementor-hidden-desktop elementor-hidden-tablet elementor-hidden-mobile elementor-section-boxed elementor-section-height-default elementor-section-height-default\" data-id=\"697c936\" data-element_type=\"section\" data-settings=\"{&quot;stretch_section&quot;:&quot;section-stretched&quot;}\">\n\t\t\t\t\t\t<div class=\"elementor-container elementor-column-gap-no\">\n\t\t\t\t\t<div class=\"elementor-column elementor-col-50 elementor-top-column elementor-element elementor-element-a24ea47\" data-id=\"a24ea47\" data-element_type=\"column\">\n\t\t\t<div class=\"elementor-widget-wrap elementor-element-populated\">\n\t\t\t\t\t\t<div class=\"elementor-element elementor-element-305ed7f elementor-widget elementor-widget-image\" data-id=\"305ed7f\" data-element_type=\"widget\" data-widget_type=\"image.default\">\n\t\t\t\t<div class=\"elementor-widget-container\">\n\t\t\t\t\t\t\t\t\t\t\t\t\t\t\t<img fetchpriority=\"high\" decoding=\"async\" width=\"570\" height=\"350\" src=\"https:\/\/mutterteresa-hwv.ch\/wp-content\/uploads\/2024\/08\/donlushi-570x350-1.jpg\" class=\"attachment-full size-full wp-image-6716\" alt=\"\" srcset=\"https:\/\/mutterteresa-hwv.ch\/wp-content\/uploads\/2024\/08\/donlushi-570x350-1.jpg 570w, https:\/\/mutterteresa-hwv.ch\/wp-content\/uploads\/2024\/08\/donlushi-570x350-1-300x184.jpg 300w, https:\/\/mutterteresa-hwv.ch\/wp-content\/uploads\/2024\/08\/donlushi-570x350-1-18x12.jpg 18w\" sizes=\"(max-width: 570px) 100vw, 570px\" \/>\t\t\t\t\t\t\t\t\t\t\t\t\t\t\t<\/div>\n\t\t\t\t<\/div>\n\t\t\t\t<div class=\"elementor-element elementor-element-fc48d00 elementor-widget elementor-widget-text-editor\" data-id=\"fc48d00\" data-element_type=\"widget\" data-widget_type=\"text-editor.default\">\n\t\t\t\t<div class=\"elementor-widget-container\">\n\t\t\t\t\t\t\t\t\t<p>N\u00ebna Terez\u00eb i jep Monsinjor Lush Gjergjit bekimin e saj personal p\u00ebr themelimin e k\u00ebtij shoqat\u00eb. Foto: zVg.<\/p>\t\t\t\t\t\t\t\t<\/div>\n\t\t\t\t<\/div>\n\t\t\t\t\t<\/div>\n\t\t<\/div>\n\t\t\t\t<div class=\"elementor-column elementor-col-50 elementor-top-column elementor-element elementor-element-c98f14b\" data-id=\"c98f14b\" data-element_type=\"column\">\n\t\t\t<div class=\"elementor-widget-wrap elementor-element-populated\">\n\t\t\t\t\t\t<div class=\"elementor-element elementor-element-a63a50b elementor-widget elementor-widget-ecolar_about_us\" data-id=\"a63a50b\" data-element_type=\"widget\" data-widget_type=\"ecolar_about_us.default\">\n\t\t\t\t<div class=\"elementor-widget-container\">\n\t\t\t\t\t        <div class=\"about-section-wrapper\">\r\n            <div class=\"about-inner\">\r\n                <div class=\"about-content-area\">\r\n                    <h2 class=\"about-title\"><\/h2>\r\n                    <div class=\"about-dec\">\r\n                    <p>N\u00eb shtator t\u00eb vitit 1990 u themelua dega zyrtare e shoqat\u00ebs N\u00ebna Terez\u00eb n\u00eb <br \/>Zvic\u00ebr, pasi q\u00eb vet\u00eb N\u00ebna Terez\u00eb kishte dh\u00ebn\u00eb bekimin e saj personal p\u00ebr k\u00ebt\u00eb <br \/>Q\u00eb at\u00ebher\u00eb angazhohemi p\u00ebr ta vazhduar rrug\u00ebn e saj t\u00eb dashuris\u00eb ndaj t\u00eb af\u00ebrmit \u2013 fal\u00eb <br \/>der tatkr\u00e4ftigen Unterst\u00fctzung tausender Menschen wie Ihnen.<\/p><p><br \/>Im Namen des Vereins m\u00f6chten wir Ihnen von Herzen f\u00fcr Ihre wertvolle Unterst\u00fctzung <br \/>danken! Ihre grossz\u00fcgige Hilfe, Ihre Zeit und Ihr Engagement haben es uns erm\u00f6glicht, <br \/>Menschen in Not zu unterst\u00fctzen und die Botschaft von Mutter Teresa weiterzutragen. Ihr <br \/>Einsatz ber\u00fchrt uns zutiefst und zeigt, wie viel wir gemeinsam erreichen k\u00f6nnen.<\/p><p><br \/>Gemeinsam blicken wir auf eine Zeit des herzlichen Engagements zur\u00fcck und freuen uns <br \/>darauf, auch in Zukunft im Geist der Barmherzigkeit und N\u00e4chstenliebe weiterzuwirken. <br \/>wir sind zuversichtlich, dass wir \u2013 gemeinsam mit Ihnen \u2013 auch weiterhin Gutes bewirken <br \/>k\u00f6nnen.<\/p>                    <\/div>\r\n                                    <\/div>    \r\n            <\/div>\r\n        <\/div>\r\n        \t\t\t\t<\/div>\n\t\t\t\t<\/div>\n\t\t\t\t\t<\/div>\n\t\t<\/div>\n\t\t\t\t\t<\/div>\n\t\t<\/section>\n\t\t\t\t<section class=\"elementor-section elementor-top-section elementor-element elementor-element-603a55e elementor-section-boxed elementor-section-height-default elementor-section-height-default\" data-id=\"603a55e\" data-element_type=\"section\">\n\t\t\t\t\t\t<div class=\"elementor-container elementor-column-gap-default\">\n\t\t\t\t\t<div class=\"elementor-column elementor-col-100 elementor-top-column elementor-element elementor-element-dcf6456\" data-id=\"dcf6456\" data-element_type=\"column\">\n\t\t\t<div class=\"elementor-widget-wrap elementor-element-populated\">\n\t\t\t\t\t\t<div class=\"elementor-element elementor-element-f43a5f7 elementor-widget elementor-widget-heading\" data-id=\"f43a5f7\" data-element_type=\"widget\" data-widget_type=\"heading.default\">\n\t\t\t\t<div class=\"elementor-widget-container\">\n\t\t\t\t\t<h2 class=\"elementor-heading-title elementor-size-default\">\u00abNuk ka r\u00ebnd\u00ebsi sa shum\u00eb b\u00ebjm\u00eb,\npor q\u00eb gjith\u00e7ka q\u00eb b\u00ebjm\u00eb, ta b\u00ebjm\u00eb me dashuri\u00bb\n<\/h2>\t\t\t\t<\/div>\n\t\t\t\t<\/div>\n\t\t\t\t<div class=\"elementor-element elementor-element-7f65acc elementor-widget elementor-widget-heading\" data-id=\"7f65acc\" data-element_type=\"widget\" data-widget_type=\"heading.default\">\n\t\t\t\t<div class=\"elementor-widget-container\">\n\t\t\t\t\t<h2 class=\"elementor-heading-title elementor-size-default\">\nSh\u00ebn N\u00ebna Terez\u00eb<\/h2>\t\t\t\t<\/div>\n\t\t\t\t<\/div>\n\t\t\t\t<div class=\"elementor-element elementor-element-9bbcbe5 elementor-widget elementor-widget-heading\" data-id=\"9bbcbe5\" data-element_type=\"widget\" data-widget_type=\"heading.default\">\n\t\t\t\t<div class=\"elementor-widget-container\">\n\t\t\t\t\t<h2 class=\"elementor-heading-title elementor-size-default\">Ekipi yn\u00eb<\/h2>\t\t\t\t<\/div>\n\t\t\t\t<\/div>\n\t\t\t\t<div class=\"elementor-element elementor-element-2394837 elementor-widget elementor-widget-ecolar_team_member\" data-id=\"2394837\" data-element_type=\"widget\" data-widget_type=\"ecolar_team_member.default\">\n\t\t\t\t<div class=\"elementor-widget-container\">\n\t\t\t\t\t        <div class=\"ecolar-team-member-wrapper team-style-one\">\r\n            <div class=\"ecolar-team-member-inner\">\r\n                <div class=\"no--row\">\r\n                                        <div class=\"col-12\">\r\n                        <div class=\"ecolar-team-items row team-slide-3187\">\r\n                                                <div class=\"ecolar-single-team pb-4 col-12 col-sm-12 col-md-6 col-lg-4\">\r\n                            <div class=\"ecolar-team-image\">\r\n                                <img decoding=\"async\" width=\"400\" height=\"380\" src=\"https:\/\/mutterteresa-hwv.ch\/wp-content\/uploads\/2021\/12\/nuezalli-p1oza6vnf3ke3v3zonwmx4mdwubczfipj4cppt3vfc-1.jpg\" class=\"img-responsive wp-post-image\" alt=\"\" srcset=\"https:\/\/mutterteresa-hwv.ch\/wp-content\/uploads\/2021\/12\/nuezalli-p1oza6vnf3ke3v3zonwmx4mdwubczfipj4cppt3vfc-1.jpg 400w, https:\/\/mutterteresa-hwv.ch\/wp-content\/uploads\/2021\/12\/nuezalli-p1oza6vnf3ke3v3zonwmx4mdwubczfipj4cppt3vfc-1-300x285.jpg 300w\" sizes=\"(max-width: 400px) 100vw, 400px\" \/>                            <\/div>\r\n                            <div class=\"ecolar-team-contents d-flex align-items-center justify-content-between\">\r\n                                <div class=\"ecolar-team-left\">\r\n                                    <h2 class=\"ecolar-teams-title\"><a href=\"https:\/\/mutterteresa-hwv.ch\/al\/team\/nue-zalli\/\"  target=\"_blank\" >NUE ZALLI<\/a><\/h2>\r\n                                    <span class=\"ecolar-teams-stitle\">KRYETARI I SHOQAT\u00cbS \/ DREJTORI EKZEKUTIV<\/span>\r\n                                <\/div>\r\n                                                            <\/div>\r\n                        <\/div>\r\n                                                <div class=\"ecolar-single-team pb-4 col-12 col-sm-12 col-md-6 col-lg-4\">\r\n                            <div class=\"ecolar-team-image\">\r\n                                <img decoding=\"async\" width=\"400\" height=\"380\" src=\"https:\/\/mutterteresa-hwv.ch\/wp-content\/uploads\/2021\/12\/xholec_deda-ompht4tcm2cyn4zi9rhezii6bbbk6ry35scuxpyvvc-1.jpg\" class=\"img-responsive wp-post-image\" alt=\"\" srcset=\"https:\/\/mutterteresa-hwv.ch\/wp-content\/uploads\/2021\/12\/xholec_deda-ompht4tcm2cyn4zi9rhezii6bbbk6ry35scuxpyvvc-1.jpg 400w, https:\/\/mutterteresa-hwv.ch\/wp-content\/uploads\/2021\/12\/xholec_deda-ompht4tcm2cyn4zi9rhezii6bbbk6ry35scuxpyvvc-1-300x285.jpg 300w\" sizes=\"(max-width: 400px) 100vw, 400px\" \/>                            <\/div>\r\n                            <div class=\"ecolar-team-contents d-flex align-items-center justify-content-between\">\r\n                                <div class=\"ecolar-team-left\">\r\n                                    <h2 class=\"ecolar-teams-title\"><a href=\"https:\/\/mutterteresa-hwv.ch\/al\/team\/xholec-deda\/\"  target=\"_blank\" >XHOLEC DEDA<\/a><\/h2>\r\n                                    <span class=\"ecolar-teams-stitle\">AKTUARI \/ DREJTORI OPERATIV<\/span>\r\n                                <\/div>\r\n                                                            <\/div>\r\n                        <\/div>\r\n                                                <div class=\"ecolar-single-team pb-4 col-12 col-sm-12 col-md-6 col-lg-4\">\r\n                            <div class=\"ecolar-team-image\">\r\n                                <img loading=\"lazy\" decoding=\"async\" width=\"400\" height=\"380\" src=\"https:\/\/mutterteresa-hwv.ch\/wp-content\/uploads\/2024\/07\/FadilHaxhosaj.jpg\" class=\"img-responsive wp-post-image\" alt=\"\" srcset=\"https:\/\/mutterteresa-hwv.ch\/wp-content\/uploads\/2024\/07\/FadilHaxhosaj.jpg 400w, https:\/\/mutterteresa-hwv.ch\/wp-content\/uploads\/2024\/07\/FadilHaxhosaj-300x285.jpg 300w, https:\/\/mutterteresa-hwv.ch\/wp-content\/uploads\/2024\/07\/FadilHaxhosaj-13x12.jpg 13w\" sizes=\"(max-width: 400px) 100vw, 400px\" \/>                            <\/div>\r\n                            <div class=\"ecolar-team-contents d-flex align-items-center justify-content-between\">\r\n                                <div class=\"ecolar-team-left\">\r\n                                    <h2 class=\"ecolar-teams-title\"><a href=\"https:\/\/mutterteresa-hwv.ch\/al\/team\/fadil-haxhosaj\/\"  target=\"_blank\" >FADIL HAXHOSAJ<\/a><\/h2>\r\n                                    <span class=\"ecolar-teams-stitle\">FINANCAT \/ DREJTORI FINANCIAR<\/span>\r\n                                <\/div>\r\n                                                            <\/div>\r\n                        <\/div>\r\n                                                <div class=\"ecolar-single-team pb-4 col-12 col-sm-12 col-md-6 col-lg-4\">\r\n                            <div class=\"ecolar-team-image\">\r\n                                <img loading=\"lazy\" decoding=\"async\" width=\"400\" height=\"380\" src=\"https:\/\/mutterteresa-hwv.ch\/wp-content\/uploads\/2024\/07\/NandauwZ1cI4M-1-scaled-e1639598682520-phke4pkjx7ectm5vs77isa8jcp2eyqqxfvixnlgyc8.jpeg\" class=\"img-responsive wp-post-image\" alt=\"\" srcset=\"https:\/\/mutterteresa-hwv.ch\/wp-content\/uploads\/2024\/07\/NandauwZ1cI4M-1-scaled-e1639598682520-phke4pkjx7ectm5vs77isa8jcp2eyqqxfvixnlgyc8.jpeg 400w, https:\/\/mutterteresa-hwv.ch\/wp-content\/uploads\/2024\/07\/NandauwZ1cI4M-1-scaled-e1639598682520-phke4pkjx7ectm5vs77isa8jcp2eyqqxfvixnlgyc8-300x285.jpeg 300w, https:\/\/mutterteresa-hwv.ch\/wp-content\/uploads\/2024\/07\/NandauwZ1cI4M-1-scaled-e1639598682520-phke4pkjx7ectm5vs77isa8jcp2eyqqxfvixnlgyc8-13x12.jpeg 13w\" sizes=\"(max-width: 400px) 100vw, 400px\" \/>                            <\/div>\r\n                            <div class=\"ecolar-team-contents d-flex align-items-center justify-content-between\">\r\n                                <div class=\"ecolar-team-left\">\r\n                                    <h2 class=\"ecolar-teams-title\"><a href=\"https:\/\/mutterteresa-hwv.ch\/al\/team\/ferdinanda-zalli\/\"  target=\"_blank\" >FERDINANDA ZALLI<\/a><\/h2>\r\n                                    <span class=\"ecolar-teams-stitle\">SHTYPI DHE MEDIAT E REJA<\/span>\r\n                                <\/div>\r\n                                                            <\/div>\r\n                        <\/div>\r\n                                                <div class=\"ecolar-single-team pb-4 col-12 col-sm-12 col-md-6 col-lg-4\">\r\n                            <div class=\"ecolar-team-image\">\r\n                                <img loading=\"lazy\" decoding=\"async\" width=\"400\" height=\"380\" src=\"https:\/\/mutterteresa-hwv.ch\/wp-content\/uploads\/2021\/11\/saim-tahiraj-oy4k4hptfudo13cela5j0lbzqytzue9s0slxhg0fko.jpg\" class=\"img-responsive wp-post-image\" alt=\"\" srcset=\"https:\/\/mutterteresa-hwv.ch\/wp-content\/uploads\/2021\/11\/saim-tahiraj-oy4k4hptfudo13cela5j0lbzqytzue9s0slxhg0fko.jpg 400w, https:\/\/mutterteresa-hwv.ch\/wp-content\/uploads\/2021\/11\/saim-tahiraj-oy4k4hptfudo13cela5j0lbzqytzue9s0slxhg0fko-300x285.jpg 300w\" sizes=\"(max-width: 400px) 100vw, 400px\" \/>                            <\/div>\r\n                            <div class=\"ecolar-team-contents d-flex align-items-center justify-content-between\">\r\n                                <div class=\"ecolar-team-left\">\r\n                                    <h2 class=\"ecolar-teams-title\"><a href=\"https:\/\/mutterteresa-hwv.ch\/al\/team\/saim-tahiraj\/\"  target=\"_blank\" >SAIM TAHIRAJ<\/a><\/h2>\r\n                                    <span class=\"ecolar-teams-stitle\">AN\u00cbTAR I KRYESIS\u00cb<\/span>\r\n                                <\/div>\r\n                                                            <\/div>\r\n                        <\/div>\r\n                                                <div class=\"ecolar-single-team pb-4 col-12 col-sm-12 col-md-6 col-lg-4\">\r\n                            <div class=\"ecolar-team-image\">\r\n                                <img loading=\"lazy\" decoding=\"async\" width=\"400\" height=\"380\" src=\"https:\/\/mutterteresa-hwv.ch\/wp-content\/uploads\/2024\/07\/Prek-Zymi.png\" class=\"img-responsive wp-post-image\" alt=\"\" srcset=\"https:\/\/mutterteresa-hwv.ch\/wp-content\/uploads\/2024\/07\/Prek-Zymi.png 400w, https:\/\/mutterteresa-hwv.ch\/wp-content\/uploads\/2024\/07\/Prek-Zymi-300x285.png 300w, https:\/\/mutterteresa-hwv.ch\/wp-content\/uploads\/2024\/07\/Prek-Zymi-13x12.png 13w\" sizes=\"(max-width: 400px) 100vw, 400px\" \/>                            <\/div>\r\n                            <div class=\"ecolar-team-contents d-flex align-items-center justify-content-between\">\r\n                                <div class=\"ecolar-team-left\">\r\n                                    <h2 class=\"ecolar-teams-title\"><a href=\"https:\/\/mutterteresa-hwv.ch\/al\/team\/preke-zymi\/\"  target=\"_blank\" >PREK\u00cb ZYMI<\/a><\/h2>\r\n                                    <span class=\"ecolar-teams-stitle\">AN\u00cbTAR I KRYESIS\u00cb<\/span>\r\n                                <\/div>\r\n                                                            <\/div>\r\n                        <\/div>\r\n                                                <div class=\"ecolar-single-team pb-4 col-12 col-sm-12 col-md-6 col-lg-4\">\r\n                            <div class=\"ecolar-team-image\">\r\n                                <img loading=\"lazy\" decoding=\"async\" width=\"400\" height=\"380\" src=\"https:\/\/mutterteresa-hwv.ch\/wp-content\/uploads\/2023\/12\/Regula-Liembd-1-oy4loe69w4wki8575y1rszhvkxaumd73dhchyv4jiw.jpg\" class=\"img-responsive wp-post-image\" alt=\"\" srcset=\"https:\/\/mutterteresa-hwv.ch\/wp-content\/uploads\/2023\/12\/Regula-Liembd-1-oy4loe69w4wki8575y1rszhvkxaumd73dhchyv4jiw.jpg 400w, https:\/\/mutterteresa-hwv.ch\/wp-content\/uploads\/2023\/12\/Regula-Liembd-1-oy4loe69w4wki8575y1rszhvkxaumd73dhchyv4jiw-300x285.jpg 300w\" sizes=\"(max-width: 400px) 100vw, 400px\" \/>                            <\/div>\r\n                            <div class=\"ecolar-team-contents d-flex align-items-center justify-content-between\">\r\n                                <div class=\"ecolar-team-left\">\r\n                                    <h2 class=\"ecolar-teams-title\"><a href=\"https:\/\/mutterteresa-hwv.ch\/al\/team\/regula-liembd\/\"  target=\"_blank\" >REGULA LIEMBD<\/a><\/h2>\r\n                                    <span class=\"ecolar-teams-stitle\">KONTABILITET<\/span>\r\n                                <\/div>\r\n                                                            <\/div>\r\n                        <\/div>\r\n                                                <div class=\"ecolar-single-team pb-4 col-12 col-sm-12 col-md-6 col-lg-4\">\r\n                            <div class=\"ecolar-team-image\">\r\n                                <img loading=\"lazy\" decoding=\"async\" width=\"400\" height=\"380\" src=\"https:\/\/mutterteresa-hwv.ch\/wp-content\/uploads\/2023\/12\/Martin-Musaj-q1rpqmx1wrbvei4dq8p85vgt62erj67mgjcvujn4ww-q2xony941fo9lxbu3u3z7hm24ozt0ji7nr3uxstryw-1.png\" class=\"img-responsive wp-post-image\" alt=\"\" srcset=\"https:\/\/mutterteresa-hwv.ch\/wp-content\/uploads\/2023\/12\/Martin-Musaj-q1rpqmx1wrbvei4dq8p85vgt62erj67mgjcvujn4ww-q2xony941fo9lxbu3u3z7hm24ozt0ji7nr3uxstryw-1.png 400w, https:\/\/mutterteresa-hwv.ch\/wp-content\/uploads\/2023\/12\/Martin-Musaj-q1rpqmx1wrbvei4dq8p85vgt62erj67mgjcvujn4ww-q2xony941fo9lxbu3u3z7hm24ozt0ji7nr3uxstryw-1-300x285.png 300w\" sizes=\"(max-width: 400px) 100vw, 400px\" \/>                            <\/div>\r\n                            <div class=\"ecolar-team-contents d-flex align-items-center justify-content-between\">\r\n                                <div class=\"ecolar-team-left\">\r\n                                    <h2 class=\"ecolar-teams-title\"><a href=\"https:\/\/mutterteresa-hwv.ch\/al\/team\/martin-musaj\/\"  target=\"_blank\" >Martin Musaj<\/a><\/h2>\r\n                                    <span class=\"ecolar-teams-stitle\">ADMINISTRIMI I IT-s\u00eb<\/span>\r\n                                <\/div>\r\n                                                            <\/div>\r\n                        <\/div>\r\n                                                <div class=\"ecolar-single-team pb-4 col-12 col-sm-12 col-md-6 col-lg-4\">\r\n                            <div class=\"ecolar-team-image\">\r\n                                <img loading=\"lazy\" decoding=\"async\" width=\"400\" height=\"380\" src=\"https:\/\/mutterteresa-hwv.ch\/wp-content\/uploads\/2023\/12\/B_B_Kulturdepartement-q7o8qql908l34ycihap88m0yg78cut1r7yxsmohec8.png\" class=\"img-responsive wp-post-image\" alt=\"\" srcset=\"https:\/\/mutterteresa-hwv.ch\/wp-content\/uploads\/2023\/12\/B_B_Kulturdepartement-q7o8qql908l34ycihap88m0yg78cut1r7yxsmohec8.png 400w, https:\/\/mutterteresa-hwv.ch\/wp-content\/uploads\/2023\/12\/B_B_Kulturdepartement-q7o8qql908l34ycihap88m0yg78cut1r7yxsmohec8-300x285.png 300w\" sizes=\"(max-width: 400px) 100vw, 400px\" \/>                            <\/div>\r\n                            <div class=\"ecolar-team-contents d-flex align-items-center justify-content-between\">\r\n                                <div class=\"ecolar-team-left\">\r\n                                    <h2 class=\"ecolar-teams-title\"><a href=\"https:\/\/mutterteresa-hwv.ch\/al\/team\/bardhec-berisha\/\"  target=\"_blank\" >BARDHEC BERISHA<\/a><\/h2>\r\n                                    <span class=\"ecolar-teams-stitle\">SEKTORI I KULTUR\u00cbS<\/span>\r\n                                <\/div>\r\n                                                            <\/div>\r\n                        <\/div>\r\n                                                                                                                        <\/div>\r\n                    <\/div>\r\n                <\/div>\r\n            <\/div>\r\n        <\/div>\r\n        \t\t\t\t<\/div>\n\t\t\t\t<\/div>\n\t\t\t\t\t<\/div>\n\t\t<\/div>\n\t\t\t\t\t<\/div>\n\t\t<\/section>\n\t\t\t\t<section class=\"elementor-section elementor-top-section elementor-element elementor-element-3146a71 elementor-section-stretched elementor-section-content-middle elementor-section-boxed elementor-section-height-default elementor-section-height-default\" data-id=\"3146a71\" data-element_type=\"section\" data-settings=\"{&quot;stretch_section&quot;:&quot;section-stretched&quot;,&quot;background_background&quot;:&quot;classic&quot;}\">\n\t\t\t\t\t\t\t<div class=\"elementor-background-overlay\"><\/div>\n\t\t\t\t\t\t\t<div class=\"elementor-container elementor-column-gap-no\">\n\t\t\t\t\t<div class=\"elementor-column elementor-col-33 elementor-top-column elementor-element elementor-element-33837dd\" data-id=\"33837dd\" data-element_type=\"column\">\n\t\t\t<div class=\"elementor-widget-wrap\">\n\t\t\t\t\t\t\t<\/div>\n\t\t<\/div>\n\t\t\t\t<div class=\"elementor-column elementor-col-33 elementor-top-column elementor-element elementor-element-07b0c40\" data-id=\"07b0c40\" data-element_type=\"column\">\n\t\t\t<div class=\"elementor-widget-wrap elementor-element-populated\">\n\t\t\t\t\t\t<div class=\"elementor-element elementor-element-4e9a68f elementor-widget elementor-widget-ecolar_testimonials\" data-id=\"4e9a68f\" data-element_type=\"widget\" data-widget_type=\"ecolar_testimonials.default\">\n\t\t\t\t<div class=\"elementor-widget-container\">\n\t\t\t\t\t\r\n\t\t\t<script>\r\n\t\t\tjQuery(document).ready(function($) {\r\n\t\t\t\t\"use strict\";\r\n\t\t\t\t$(\".testimonial-slide-1299\").slick({\r\n\t\t\t\t\tslidesToShow: 1,\r\n\t\t\t\t\tslidesToScroll: 1,\r\n                    arrows: false,\r\n                    rtl: false,\r\n\t\t\t\t\tdots: true,\r\n\t\t\t\t\tinfinite: true,\r\n\t\t\t\t\tautoplay: true,speed: 4000,autoplaySpeed: 3000,\r\n                    responsive: [\r\n\t\t\t\t\t\t{\r\n                            breakpoint: 1124,\r\n                            settings: {\r\n                                slidesToShow: 1\r\n                            }\r\n                        },\r\n                        {\r\n                            breakpoint: 992,\r\n                            settings: {\r\n                                slidesToShow: 1\r\n                            }\r\n                        },\r\n\t\t\t\t\t\t{\r\n\t\t\t\t\t\t\tbreakpoint: 769,\r\n\t\t\t\t\t\t\tsettings: {\r\n\t\t\t\t\t\t\t\tslidesToShow: 1\r\n\t\t\t\t\t\t\t}\r\n\t\t\t\t\t\t},\r\n\t\t\t\t\t\t{\r\n\t\t\t\t\t\t\tbreakpoint: 680,\r\n\t\t\t\t\t\t\tsettings: {\r\n\t\t\t\t\t\t\t\tslidesToShow: 1\r\n\t\t\t\t\t\t\t}\r\n\t\t\t\t\t\t}\r\n\t\t\t\t\t]\r\n\t\t\t\t});\r\n\t\t\t});\r\n\t\t\t<\/script>        <div class=\"testimonial-wrapper testimonial-one\">\r\n            <div class=\"testimonial-inner\">\r\n                <div class=\"testimonial-items testimonial-slide-1299 no-row\">\r\n                                            <div class=\"testimonial-single align-items-center no-col\">\r\n                                                        <div class=\"tesimonial-contents\">\r\n                                <div class=\"testi-icon\"><i class=\"fas fa-quote-right\"><\/i><\/div>\r\n                                <div class=\"testimonial-dec\"><p>\"Nuk t\u00eb gjith\u00eb prej nesh mund t\u00eb b\u00ebjn\u00eb gj\u00ebra t\u00eb m\u00ebdha. Por ne mund t\u00eb b\u00ebjm\u00eb gj\u00ebra t\u00eb vogla me shum\u00eb dashuri.\"<\/p><\/div>\r\n                                <div class=\"testimonial-info\">\r\n                                    <h2 class=\"testimonial-title\">N\u00ebn\u00eb Tereza<\/h2>\r\n                                    <h5 class=\"testimonial-sub-title\"><\/h5>\r\n                                <\/div>\r\n                            <\/div>\r\n                        <\/div>\r\n                                            <div class=\"testimonial-single align-items-center no-col\">\r\n                                                        <div class=\"tesimonial-contents\">\r\n                                <div class=\"testi-icon\"><i class=\"fas fa-quote-right\"><\/i><\/div>\r\n                                <div class=\"testimonial-dec\"><p>\"Kur gjykon njer\u00ebzit, nuk ke koh\u00eb t'i duash ata.\"<\/p><\/div>\r\n                                <div class=\"testimonial-info\">\r\n                                    <h2 class=\"testimonial-title\">N\u00ebn\u00eb Tereza<\/h2>\r\n                                    <h5 class=\"testimonial-sub-title\"><\/h5>\r\n                                <\/div>\r\n                            <\/div>\r\n                        <\/div>\r\n                                            <div class=\"testimonial-single align-items-center no-col\">\r\n                                                        <div class=\"tesimonial-contents\">\r\n                                <div class=\"testi-icon\"><i class=\"fas fa-quote-right\"><\/i><\/div>\r\n                                <div class=\"testimonial-dec\"><p>\"Un\u00eb vet\u00eb nuk mund ta ndryshoj bot\u00ebn, por mund t\u00eb hedh nj\u00eb gur mbi uj\u00eb p\u00ebr t\u00eb krijuar shum\u00eb vale.\"<\/p><\/div>\r\n                                <div class=\"testimonial-info\">\r\n                                    <h2 class=\"testimonial-title\">N\u00ebn\u00eb Tereza<\/h2>\r\n                                    <h5 class=\"testimonial-sub-title\"><\/h5>\r\n                                <\/div>\r\n                            <\/div>\r\n                        <\/div>\r\n                                            <div class=\"testimonial-single align-items-center no-col\">\r\n                                                        <div class=\"tesimonial-contents\">\r\n                                <div class=\"testi-icon\"><i class=\"fas fa-quote-right\"><\/i><\/div>\r\n                                <div class=\"testimonial-dec\"><p>\"P\u00ebrhap dashuri, kudo q\u00eb t\u00eb shkosh. Mos lejo ask\u00ebnd t\u00eb vij\u00eb te ti pa u larguar m\u00eb i lumtur.\"<\/p><\/div>\r\n                                <div class=\"testimonial-info\">\r\n                                    <h2 class=\"testimonial-title\">N\u00ebn\u00eb Tereza<\/h2>\r\n                                    <h5 class=\"testimonial-sub-title\"><\/h5>\r\n                                <\/div>\r\n                            <\/div>\r\n                        <\/div>\r\n                                            <div class=\"testimonial-single align-items-center no-col\">\r\n                                                        <div class=\"tesimonial-contents\">\r\n                                <div class=\"testi-icon\"><i class=\"fas fa-quote-right\"><\/i><\/div>\r\n                                <div class=\"testimonial-dec\"><p>\"Fjal\u00ebt miq\u00ebsore mund t\u00eb thuhen shkurt dhe thjesht, por pasojat e tyre jan\u00eb v\u00ebrtet t\u00eb pafundme.\"<\/p><\/div>\r\n                                <div class=\"testimonial-info\">\r\n                                    <h2 class=\"testimonial-title\">N\u00ebn\u00eb Tereza<\/h2>\r\n                                    <h5 class=\"testimonial-sub-title\"><\/h5>\r\n                                <\/div>\r\n                            <\/div>\r\n                        <\/div>\r\n                                            <div class=\"testimonial-single align-items-center no-col\">\r\n                                                        <div class=\"tesimonial-contents\">\r\n                                <div class=\"testi-icon\"><i class=\"fas fa-quote-right\"><\/i><\/div>\r\n                                <div class=\"testimonial-dec\"><p>\"Uri p\u00ebr dashuri \u00ebsht\u00eb shum\u00eb m\u00eb e v\u00ebshtir\u00eb t\u00eb ngopet sesa uri p\u00ebr buk\u00eb\"<\/p><\/div>\r\n                                <div class=\"testimonial-info\">\r\n                                    <h2 class=\"testimonial-title\">N\u00ebn\u00eb Tereza<\/h2>\r\n                                    <h5 class=\"testimonial-sub-title\"><\/h5>\r\n                                <\/div>\r\n                            <\/div>\r\n                        <\/div>\r\n                                            <div class=\"testimonial-single align-items-center no-col\">\r\n                                                        <div class=\"tesimonial-contents\">\r\n                                <div class=\"testi-icon\"><i class=\"fas fa-quote-right\"><\/i><\/div>\r\n                                <div class=\"testimonial-dec\"><p>\"Paqja fillon me nj\u00eb buz\u00ebqeshje\"<\/p><\/div>\r\n                                <div class=\"testimonial-info\">\r\n                                    <h2 class=\"testimonial-title\">N\u00ebn\u00eb Tereza<\/h2>\r\n                                    <h5 class=\"testimonial-sub-title\"><\/h5>\r\n                                <\/div>\r\n                            <\/div>\r\n                        <\/div>\r\n                                    <\/div>\r\n            <\/div>\r\n        <\/div>\r\n        \t\t\t\t<\/div>\n\t\t\t\t<\/div>\n\t\t\t\t\t<\/div>\n\t\t<\/div>\n\t\t\t\t<div class=\"elementor-column elementor-col-33 elementor-top-column elementor-element elementor-element-9fa30fa\" data-id=\"9fa30fa\" data-element_type=\"column\">\n\t\t\t<div class=\"elementor-widget-wrap\">\n\t\t\t\t\t\t\t<\/div>\n\t\t<\/div>\n\t\t\t\t\t<\/div>\n\t\t<\/section>\n\t\t\t\t<\/div>","protected":false},"excerpt":{"rendered":"<p>Mutter Teresa spricht an Msgr. Lush Gjergji ihren pers\u00f6nlichen Segen zur Gr\u00fcndung dieses Vereins aus. Bild: zVg. Im September 1990 wurde die offizielle Zweigstelle des Vereins Mutter Teresa in der Schweiz gegr\u00fcndet, nachdem Mutter Teresa pers\u00f6nlich ihren Segen dazu gegeben hatte. Seitdem setzen wir uns daf\u00fcr ein, ihren Weg der N\u00e4chstenliebe weiterzuf\u00fchren \u2013 dank der [&hellip;]<\/p>","protected":false},"author":1,"featured_media":0,"parent":0,"menu_order":0,"comment_status":"closed","ping_status":"closed","template":"blank-template.php","meta":{"give_campaign_id":0,"footnotes":""},"class_list":["post-74","page","type-page","status-publish","hentry"],"campaignId":"","_links":{"self":[{"href":"https:\/\/mutterteresa-hwv.ch\/al\/wp-json\/wp\/v2\/pages\/74","targetHints":{"allow":["GET"]}}],"collection":[{"href":"https:\/\/mutterteresa-hwv.ch\/al\/wp-json\/wp\/v2\/pages"}],"about":[{"href":"https:\/\/mutterteresa-hwv.ch\/al\/wp-json\/wp\/v2\/types\/page"}],"author":[{"embeddable":true,"href":"https:\/\/mutterteresa-hwv.ch\/al\/wp-json\/wp\/v2\/users\/1"}],"replies":[{"embeddable":true,"href":"https:\/\/mutterteresa-hwv.ch\/al\/wp-json\/wp\/v2\/comments?post=74"}],"version-history":[{"count":196,"href":"https:\/\/mutterteresa-hwv.ch\/al\/wp-json\/wp\/v2\/pages\/74\/revisions"}],"predecessor-version":[{"id":7004,"href":"https:\/\/mutterteresa-hwv.ch\/al\/wp-json\/wp\/v2\/pages\/74\/revisions\/7004"}],"wp:attachment":[{"href":"https:\/\/mutterteresa-hwv.ch\/al\/wp-json\/wp\/v2\/media?parent=74"}],"curies":[{"name":"wp","href":"https:\/\/api.w.org\/{rel}","templated":true}]}}