{"id":7147,"date":"2025-08-02T16:26:07","date_gmt":"2025-08-02T16:26:07","guid":{"rendered":"https:\/\/mutterteresa-hwv.ch\/?page_id=7147"},"modified":"2026-03-30T19:30:14","modified_gmt":"2026-03-30T19:30:14","slug":"startseite","status":"publish","type":"page","link":"https:\/\/mutterteresa-hwv.ch\/al\/","title":{"rendered":"Ballina"},"content":{"rendered":"<div data-elementor-type=\"wp-page\" data-elementor-id=\"7147\" class=\"elementor elementor-7147\" data-elementor-post-type=\"page\">\n\t\t\t\t<div class=\"elementor-element elementor-element-377e8fd5 e-flex e-con-boxed e-con e-parent\" data-id=\"377e8fd5\" data-element_type=\"container\">\n\t\t\t\t\t<div class=\"e-con-inner\">\n\t\t<div class=\"elementor-element elementor-element-530a73ed e-flex e-con-boxed e-con e-child\" data-id=\"530a73ed\" data-element_type=\"container\" data-settings=\"{&quot;background_background&quot;:&quot;classic&quot;}\">\n\t\t\t\t\t<div class=\"e-con-inner\">\n\t\t<div class=\"elementor-element elementor-element-565f1150 animated-slow e-flex e-con-boxed e-con e-child\" data-id=\"565f1150\" data-element_type=\"container\" data-settings=\"{&quot;animation&quot;:&quot;none&quot;}\">\n\t\t\t\t\t<div class=\"e-con-inner\">\n\t\t\t\t<div class=\"elementor-element elementor-element-434ed334 elementor-widget__width-auto elementor-widget elementor-widget-heading\" data-id=\"434ed334\" data-element_type=\"widget\" data-widget_type=\"heading.default\">\n\t\t\t\t<div class=\"elementor-widget-container\">\n\t\t\t\t\t<h2 class=\"elementor-heading-title elementor-size-default\">Q\u00eb m\u00eb shum\u00eb se 30 vjet<\/h2>\t\t\t\t<\/div>\n\t\t\t\t<\/div>\n\t\t\t\t<div class=\"elementor-element elementor-element-7005cde3 elementor-widget__width-auto elementor-widget elementor-widget-heading\" data-id=\"7005cde3\" data-element_type=\"widget\" data-widget_type=\"heading.default\">\n\t\t\t\t<div class=\"elementor-widget-container\">\n\t\t\t\t\t<h2 class=\"elementor-heading-title elementor-size-default\">N\u00eb em\u00ebr t\u00eb <br> N\u00ebn\u00eb Tereza n\u00eb sh\u00ebrbim<\/h2>\t\t\t\t<\/div>\n\t\t\t\t<\/div>\n\t\t\t\t\t<\/div>\n\t\t\t\t<\/div>\n\t\t\t\t\t<\/div>\n\t\t\t\t<\/div>\n\t\t\t\t\t<\/div>\n\t\t\t\t<\/div>\n\t\t<div class=\"elementor-element elementor-element-29c56298 elementor-hidden-desktop elementor-hidden-tablet elementor-hidden-mobile e-flex e-con-boxed e-con e-parent\" data-id=\"29c56298\" data-element_type=\"container\">\n\t\t\t\t\t<div class=\"e-con-inner\">\n\t\t\t\t<div class=\"elementor-element elementor-element-272e39d2 elementor-widget elementor-widget-heading\" data-id=\"272e39d2\" data-element_type=\"widget\" data-widget_type=\"heading.default\">\n\t\t\t\t<div class=\"elementor-widget-container\">\n\t\t\t\t\t<h2 class=\"elementor-heading-title elementor-size-default\">Frekuenca dhe Pyetje<\/h2>\t\t\t\t<\/div>\n\t\t\t\t<\/div>\n\t\t\t\t\t<\/div>\n\t\t\t\t<\/div>\n\t\t<div class=\"elementor-element elementor-element-70db07b3 elementor-hidden-desktop elementor-hidden-tablet elementor-hidden-mobile e-flex e-con-boxed e-con e-parent\" data-id=\"70db07b3\" data-element_type=\"container\">\n\t\t\t\t\t<div class=\"e-con-inner\">\n\t\t<div class=\"elementor-element elementor-element-51255844 e-flex e-con-boxed e-con e-child\" data-id=\"51255844\" data-element_type=\"container\" data-settings=\"{&quot;background_background&quot;:&quot;classic&quot;}\">\n\t\t\t\t\t<div class=\"e-con-inner\">\n\t\t\t\t<div class=\"elementor-element elementor-element-4fe2ecad elementor-widget elementor-widget-heading\" data-id=\"4fe2ecad\" data-element_type=\"widget\" data-widget_type=\"heading.default\">\n\t\t\t\t<div class=\"elementor-widget-container\">\n\t\t\t\t\t<h2 class=\"elementor-heading-title elementor-size-default\">Was ist die Geschichte und Mission der Mother Teresa Stiftung in der Schweiz?<\/h2>\t\t\t\t<\/div>\n\t\t\t\t<\/div>\n\t\t<div class=\"elementor-element elementor-element-3509906e e-flex e-con-boxed e-con e-child\" data-id=\"3509906e\" data-element_type=\"container\">\n\t\t\t\t\t<div class=\"e-con-inner\">\n\t\t<div class=\"elementor-element elementor-element-ac44a04 e-flex e-con-boxed e-con e-child\" data-id=\"ac44a04\" data-element_type=\"container\">\n\t\t\t\t\t<div class=\"e-con-inner\">\n\t\t\t\t<div class=\"elementor-element elementor-element-10a780bd elementor-widget elementor-widget-heading\" data-id=\"10a780bd\" data-element_type=\"widget\" data-widget_type=\"heading.default\">\n\t\t\t\t<div class=\"elementor-widget-container\">\n\t\t\t\t\t<p class=\"elementor-heading-title elementor-size-default\">Die Mother Teresa Stiftung in der Schweiz wurde im September 1990 offiziell gegr\u00fcndet, nachdem Mutter Teresa ihren pers\u00f6nlichen Segen f\u00fcr die Gr\u00fcndung von Msgr. Lush Gjergji erhalten hatte. Die Mission der Stiftung basiert auf den Prinzipien von Mitgef\u00fchl und Selbstlosigkeit. Sie strebt danach, in die Fu\u00dfstapfen von Mutter Teresa zu treten, indem sie verschiedene humanit\u00e4re Initiativen ergreift.<\/p>\t\t\t\t<\/div>\n\t\t\t\t<\/div>\n\t\t\t\t<div class=\"elementor-element elementor-element-20df1392 elementor-widget elementor-widget-heading\" data-id=\"20df1392\" data-element_type=\"widget\" data-widget_type=\"heading.default\">\n\t\t\t\t<div class=\"elementor-widget-container\">\n\t\t\t\t\t<h2 class=\"elementor-heading-title elementor-size-default\">Wie wurden die humanit\u00e4ren Aktivit\u00e4ten der Stiftung eingeleitet, und welche Rolle spielte die Gemeinschaft in den ersten Jahren?<\/h2>\t\t\t\t<\/div>\n\t\t\t\t<\/div>\n\t\t\t\t<div class=\"elementor-element elementor-element-439a8c59 elementor-widget elementor-widget-heading\" data-id=\"439a8c59\" data-element_type=\"widget\" data-widget_type=\"heading.default\">\n\t\t\t\t<div class=\"elementor-widget-container\">\n\t\t\t\t\t<p class=\"elementor-heading-title elementor-size-default\">Die Einleitung der humanit\u00e4ren Aktivit\u00e4ten begann mit der Gr\u00fcndung der offiziellen Zweigstelle in der Schweiz. Tausende B\u00fcrgerinnen und B\u00fcrger haben eine entscheidende Rolle bei der Unterst\u00fctzung der Bem\u00fchungen der Stiftung gespielt. Unter Anerkennung der Unm\u00f6glichkeit der Mission ohne die Unterst\u00fctzung der Gemeinschaft dr\u00fcckt die Stiftung jedem Einzelnen, der zu ihrer Sache beigetragen hat, ihre Dankbarkeit aus.<\/p>\t\t\t\t<\/div>\n\t\t\t\t<\/div>\n\t\t\t\t\t<\/div>\n\t\t\t\t<\/div>\n\t\t<div class=\"elementor-element elementor-element-668b81c7 e-flex e-con-boxed e-con e-child\" data-id=\"668b81c7\" data-element_type=\"container\" data-settings=\"{&quot;background_background&quot;:&quot;classic&quot;}\">\n\t\t\t\t\t<div class=\"e-con-inner\">\n\t\t\t\t\t<\/div>\n\t\t\t\t<\/div>\n\t\t\t\t\t<\/div>\n\t\t\t\t<\/div>\n\t\t\t\t\t<\/div>\n\t\t\t\t<\/div>\n\t\t\t\t\t<\/div>\n\t\t\t\t<\/div>\n\t\t<div class=\"elementor-element elementor-element-38f14ee elementor-hidden-desktop elementor-hidden-tablet elementor-hidden-mobile e-flex e-con-boxed e-con e-parent\" data-id=\"38f14ee\" data-element_type=\"container\">\n\t\t\t\t\t<div class=\"e-con-inner\">\n\t\t<div class=\"elementor-element elementor-element-67e56b3b e-flex e-con-boxed e-con e-child\" data-id=\"67e56b3b\" data-element_type=\"container\" data-settings=\"{&quot;background_background&quot;:&quot;classic&quot;}\">\n\t\t\t\t\t<div class=\"e-con-inner\">\n\t\t\t\t<div class=\"elementor-element elementor-element-45c8f66c elementor-widget elementor-widget-heading\" data-id=\"45c8f66c\" data-element_type=\"widget\" data-widget_type=\"heading.default\">\n\t\t\t\t<div class=\"elementor-widget-container\">\n\t\t\t\t\t<h2 class=\"elementor-heading-title elementor-size-default\">Welche Meilensteine und Dankesbekundungen pr\u00e4gen die Reise der Stiftung in den letzten zehn Jahren?<\/h2>\t\t\t\t<\/div>\n\t\t\t\t<\/div>\n\t\t<div class=\"elementor-element elementor-element-2ac2ca3d e-flex e-con-boxed e-con e-child\" data-id=\"2ac2ca3d\" data-element_type=\"container\">\n\t\t\t\t\t<div class=\"e-con-inner\">\n\t\t<div class=\"elementor-element elementor-element-d13fb7d e-flex e-con-boxed e-con e-child\" data-id=\"d13fb7d\" data-element_type=\"container\">\n\t\t\t\t\t<div class=\"e-con-inner\">\n\t\t\t\t<div class=\"elementor-element elementor-element-40467ca4 elementor-widget elementor-widget-heading\" data-id=\"40467ca4\" data-element_type=\"widget\" data-widget_type=\"heading.default\">\n\t\t\t\t<div class=\"elementor-widget-container\">\n\t\t\t\t\t<p class=\"elementor-heading-title elementor-size-default\">In den letzten zehn Jahren hat die Mother Teresa Stiftung in der Schweiz bedeutende Meilensteine durch engagierte Aktionen und unersch\u00fctterliche Unterst\u00fctzung erreicht. Die Stiftung dr\u00fcckt jedem Unterst\u00fctzer ihre tief empfundene Dankbarkeit aus und betont die Auswirkungen kollektiven Mitgef\u00fchls auf ihre F\u00e4higkeit, denen in Not zu dienen.<\/p>\t\t\t\t<\/div>\n\t\t\t\t<\/div>\n\t\t\t\t<div class=\"elementor-element elementor-element-4d421b1d elementor-widget elementor-widget-heading\" data-id=\"4d421b1d\" data-element_type=\"widget\" data-widget_type=\"heading.default\">\n\t\t\t\t<div class=\"elementor-widget-container\">\n\t\t\t\t\t<h2 class=\"elementor-heading-title elementor-size-default\">Wie plant die Stiftung, ihr Erbe in den kommenden Jahren fortzusetzen, und welche Herausforderungen erwartet sie?<\/h2>\t\t\t\t<\/div>\n\t\t\t\t<\/div>\n\t\t\t\t<div class=\"elementor-element elementor-element-6a12a7b5 elementor-widget elementor-widget-heading\" data-id=\"6a12a7b5\" data-element_type=\"widget\" data-widget_type=\"heading.default\">\n\t\t\t\t<div class=\"elementor-widget-container\">\n\t\t\t\t\t<p class=\"elementor-heading-title elementor-size-default\">Die Stiftung erkennt die bevorstehenden Herausforderungen an, ist jedoch fest entschlossen, das Erbe des Dienstes an der Menschheit fortzusetzen. Das n\u00e4chste Jahrzehnt wird als Gelegenheit gesehen, die Prinzipien der Barmherzigkeit und N\u00e4chstenliebe weiter zu verk\u00f6rpern und auf dem Fundament aufzubauen, das Mutter Teresa selbst gelegt hat.<\/p>\t\t\t\t<\/div>\n\t\t\t\t<\/div>\n\t\t\t\t<div class=\"elementor-element elementor-element-2fc6218c elementor-widget elementor-widget-heading\" data-id=\"2fc6218c\" data-element_type=\"widget\" data-widget_type=\"heading.default\">\n\t\t\t\t<div class=\"elementor-widget-container\">\n\t\t\t\t\t<h2 class=\"elementor-heading-title elementor-size-default\">In welchem Geist geht die Mother Teresa Stiftung in der Schweiz der Zukunft entgegen, und wie k\u00f6nnen Einzelpersonen sich beteiligen?<\/h2>\t\t\t\t<\/div>\n\t\t\t\t<\/div>\n\t\t\t\t<div class=\"elementor-element elementor-element-3f2cb804 elementor-widget elementor-widget-heading\" data-id=\"3f2cb804\" data-element_type=\"widget\" data-widget_type=\"heading.default\">\n\t\t\t\t<div class=\"elementor-widget-container\">\n\t\t\t\t\t<p class=\"elementor-heading-title elementor-size-default\">Die Stiftung sieht der Zukunft mit dem Geist der Hingabe an die Lehren von Mutter Teresa entgegen. Einzelpersonen k\u00f6nnen sich durch ehrenamtliche T\u00e4tigkeiten, finanzielle Unterst\u00fctzung oder das Verbreiten von Aufkl\u00e4rung beteiligen. Die kollektiven Anstrengungen der Gemeinschaft sind entscheidend, um einen Unterschied zu machen und die Werte von Barmherzigkeit und Liebe aufrechtzuerhalten.<\/p>\t\t\t\t<\/div>\n\t\t\t\t<\/div>\n\t\t\t\t\t<\/div>\n\t\t\t\t<\/div>\n\t\t<div class=\"elementor-element elementor-element-76bb6265 e-flex e-con-boxed e-con e-child\" data-id=\"76bb6265\" data-element_type=\"container\" data-settings=\"{&quot;background_background&quot;:&quot;classic&quot;}\">\n\t\t\t\t\t<div class=\"e-con-inner\">\n\t\t\t\t\t<\/div>\n\t\t\t\t<\/div>\n\t\t\t\t\t<\/div>\n\t\t\t\t<\/div>\n\t\t\t\t\t<\/div>\n\t\t\t\t<\/div>\n\t\t\t\t\t<\/div>\n\t\t\t\t<\/div>\n\t\t<div class=\"elementor-element elementor-element-e4918fa elementor-hidden-desktop elementor-hidden-tablet elementor-hidden-mobile e-flex e-con-boxed e-con e-parent\" data-id=\"e4918fa\" data-element_type=\"container\">\n\t\t\t\t\t<div class=\"e-con-inner\">\n\t\t<div class=\"elementor-element elementor-element-5b99bc79 e-flex e-con-boxed e-con e-child\" data-id=\"5b99bc79\" data-element_type=\"container\">\n\t\t\t\t\t<div class=\"e-con-inner\">\n\t\t<div class=\"elementor-element elementor-element-24529f1b e-con-full e-flex e-con e-child\" data-id=\"24529f1b\" data-element_type=\"container\" data-settings=\"{&quot;background_background&quot;:&quot;classic&quot;,&quot;position&quot;:&quot;absolute&quot;}\">\n\t\t\t\t<div class=\"elementor-element elementor-element-39378c84 elementor-widget elementor-widget-heading\" data-id=\"39378c84\" data-element_type=\"widget\" data-widget_type=\"heading.default\">\n\t\t\t\t<div class=\"elementor-widget-container\">\n\t\t\t\t\t<h2 class=\"elementor-heading-title elementor-size-default\">Was ist die Geschichte und Mission der Mother Teresa Stiftung in der Schweiz?<\/h2>\t\t\t\t<\/div>\n\t\t\t\t<\/div>\n\t\t\t\t<div class=\"elementor-element elementor-element-22042b5f elementor-widget elementor-widget-heading\" data-id=\"22042b5f\" data-element_type=\"widget\" data-widget_type=\"heading.default\">\n\t\t\t\t<div class=\"elementor-widget-container\">\n\t\t\t\t\t<p class=\"elementor-heading-title elementor-size-default\">Die Mother Teresa Stiftung in der Schweiz wurde im September 1990 offiziell gegr\u00fcndet, nachdem Mutter Teresa ihren pers\u00f6nlichen Segen f\u00fcr die Gr\u00fcndung von Msgr. Lush Gjergji erhalten hatte. Die Mission der Stiftung basiert auf den Prinzipien von Mitgef\u00fchl und Selbstlosigkeit. Sie strebt danach, in die Fu\u00dfstapfen von Mutter Teresa zu treten, indem sie verschiedene humanit\u00e4re Initiativen ergreift.<\/p>\t\t\t\t<\/div>\n\t\t\t\t<\/div>\n\t\t\t\t<div class=\"elementor-element elementor-element-6a68b263 elementor-widget elementor-widget-heading\" data-id=\"6a68b263\" data-element_type=\"widget\" data-widget_type=\"heading.default\">\n\t\t\t\t<div class=\"elementor-widget-container\">\n\t\t\t\t\t<h2 class=\"elementor-heading-title elementor-size-default\">Wie wurden die humanit\u00e4ren Aktivit\u00e4ten der Stiftung eingeleitet, und welche Rolle spielte die Gemeinschaft in den ersten Jahren?<\/h2>\t\t\t\t<\/div>\n\t\t\t\t<\/div>\n\t\t\t\t<div class=\"elementor-element elementor-element-419aee33 elementor-widget elementor-widget-heading\" data-id=\"419aee33\" data-element_type=\"widget\" data-widget_type=\"heading.default\">\n\t\t\t\t<div class=\"elementor-widget-container\">\n\t\t\t\t\t<p class=\"elementor-heading-title elementor-size-default\">Die Einleitung der humanit\u00e4ren Aktivit\u00e4ten begann mit der Gr\u00fcndung der offiziellen Zweigstelle in der Schweiz. Tausende B\u00fcrgerinnen und B\u00fcrger haben eine entscheidende Rolle bei der Unterst\u00fctzung der Bem\u00fchungen der Stiftung gespielt. Unter Anerkennung der Unm\u00f6glichkeit der Mission ohne die Unterst\u00fctzung der Gemeinschaft dr\u00fcckt die Stiftung jedem Einzelnen, der zu ihrer Sache beigetragen hat, ihre Dankbarkeit aus.<\/p>\t\t\t\t<\/div>\n\t\t\t\t<\/div>\n\t\t\t\t<\/div>\n\t\t<div class=\"elementor-element elementor-element-2bf28f6c e-con-full e-flex e-con e-child\" data-id=\"2bf28f6c\" data-element_type=\"container\" data-settings=\"{&quot;background_background&quot;:&quot;classic&quot;}\">\n\t\t\t\t<\/div>\n\t\t\t\t\t<\/div>\n\t\t\t\t<\/div>\n\t\t\t\t\t<\/div>\n\t\t\t\t<\/div>\n\t\t<div class=\"elementor-element elementor-element-29cc93ba elementor-hidden-desktop elementor-hidden-tablet elementor-hidden-mobile e-flex e-con-boxed e-con e-parent\" data-id=\"29cc93ba\" data-element_type=\"container\">\n\t\t\t\t\t<div class=\"e-con-inner\">\n\t\t<div class=\"elementor-element elementor-element-5bae96af e-flex e-con-boxed e-con e-child\" data-id=\"5bae96af\" data-element_type=\"container\">\n\t\t\t\t\t<div class=\"e-con-inner\">\n\t\t<div class=\"elementor-element elementor-element-659ebbb8 e-con-full e-flex e-con e-child\" data-id=\"659ebbb8\" data-element_type=\"container\" data-settings=\"{&quot;background_background&quot;:&quot;classic&quot;}\">\n\t\t\t\t<\/div>\n\t\t<div class=\"elementor-element elementor-element-3804ea26 e-con-full e-flex e-con e-child\" data-id=\"3804ea26\" data-element_type=\"container\" data-settings=\"{&quot;background_background&quot;:&quot;classic&quot;,&quot;position&quot;:&quot;absolute&quot;}\">\n\t\t\t\t<div class=\"elementor-element elementor-element-5a4fbf6f elementor-widget elementor-widget-heading\" data-id=\"5a4fbf6f\" data-element_type=\"widget\" data-widget_type=\"heading.default\">\n\t\t\t\t<div class=\"elementor-widget-container\">\n\t\t\t\t\t<h2 class=\"elementor-heading-title elementor-size-default\">Welche Meilensteine und Dankesbekundungen pr\u00e4gen die Reise der Stiftung in den letzten zehn Jahren?<\/h2>\t\t\t\t<\/div>\n\t\t\t\t<\/div>\n\t\t\t\t<div class=\"elementor-element elementor-element-7699ff76 elementor-widget elementor-widget-heading\" data-id=\"7699ff76\" data-element_type=\"widget\" data-widget_type=\"heading.default\">\n\t\t\t\t<div class=\"elementor-widget-container\">\n\t\t\t\t\t<p class=\"elementor-heading-title elementor-size-default\">In den letzten zehn Jahren hat die Mother Teresa Stiftung in der Schweiz bedeutende Meilensteine durch engagierte Aktionen und unersch\u00fctterliche Unterst\u00fctzung erreicht. Die Stiftung dr\u00fcckt jedem Unterst\u00fctzer ihre tief empfundene Dankbarkeit aus und betont die Auswirkungen kollektiven Mitgef\u00fchls auf ihre F\u00e4higkeit, denen in Not zu dienen.<\/p>\t\t\t\t<\/div>\n\t\t\t\t<\/div>\n\t\t\t\t<div class=\"elementor-element elementor-element-5e4a96d9 elementor-widget elementor-widget-heading\" data-id=\"5e4a96d9\" data-element_type=\"widget\" data-widget_type=\"heading.default\">\n\t\t\t\t<div class=\"elementor-widget-container\">\n\t\t\t\t\t<h2 class=\"elementor-heading-title elementor-size-default\">Wie plant die Stiftung, ihr Erbe in den kommenden Jahren fortzusetzen, und welche Herausforderungen erwartet sie?<\/h2>\t\t\t\t<\/div>\n\t\t\t\t<\/div>\n\t\t\t\t<div class=\"elementor-element elementor-element-53d4c86a elementor-widget elementor-widget-heading\" data-id=\"53d4c86a\" data-element_type=\"widget\" data-widget_type=\"heading.default\">\n\t\t\t\t<div class=\"elementor-widget-container\">\n\t\t\t\t\t<p class=\"elementor-heading-title elementor-size-default\">Die Stiftung erkennt die bevorstehenden Herausforderungen an, ist jedoch fest entschlossen, das Erbe des Dienstes an der Menschheit fortzusetzen. Das n\u00e4chste Jahrzehnt wird als Gelegenheit gesehen, die Prinzipien der Barmherzigkeit und N\u00e4chstenliebe weiter zu verk\u00f6rpern und auf dem Fundament aufzubauen, das Mutter Teresa selbst gelegt hat.<\/p>\t\t\t\t<\/div>\n\t\t\t\t<\/div>\n\t\t\t\t<div class=\"elementor-element elementor-element-5a902cfb elementor-widget elementor-widget-heading\" data-id=\"5a902cfb\" data-element_type=\"widget\" data-widget_type=\"heading.default\">\n\t\t\t\t<div class=\"elementor-widget-container\">\n\t\t\t\t\t<h2 class=\"elementor-heading-title elementor-size-default\">In welchem Geist geht die Mother Teresa Stiftung in der Schweiz der Zukunft entgegen, und wie k\u00f6nnen Einzelpersonen sich beteiligen?<\/h2>\t\t\t\t<\/div>\n\t\t\t\t<\/div>\n\t\t\t\t<div class=\"elementor-element elementor-element-118aa98b elementor-widget elementor-widget-heading\" data-id=\"118aa98b\" data-element_type=\"widget\" data-widget_type=\"heading.default\">\n\t\t\t\t<div class=\"elementor-widget-container\">\n\t\t\t\t\t<p class=\"elementor-heading-title elementor-size-default\">Die Stiftung sieht der Zukunft mit dem Geist der Hingabe an die Lehren von Mutter Teresa entgegen. Einzelpersonen k\u00f6nnen sich durch ehrenamtliche T\u00e4tigkeiten, finanzielle Unterst\u00fctzung oder das Verbreiten von Aufkl\u00e4rung beteiligen. Die kollektiven Anstrengungen der Gemeinschaft sind entscheidend, um einen Unterschied zu machen und die Werte von Barmherzigkeit und Liebe aufrechtzuerhalten.<\/p>\t\t\t\t<\/div>\n\t\t\t\t<\/div>\n\t\t\t\t<\/div>\n\t\t\t\t\t<\/div>\n\t\t\t\t<\/div>\n\t\t\t\t\t<\/div>\n\t\t\t\t<\/div>\n\t\t\t\t<section class=\"elementor-section elementor-top-section elementor-element elementor-element-2cc41c43 elementor-section-stretched elementor-section-boxed elementor-section-height-default elementor-section-height-default\" data-id=\"2cc41c43\" data-element_type=\"section\" data-settings=\"{&quot;background_background&quot;:&quot;classic&quot;,&quot;stretch_section&quot;:&quot;section-stretched&quot;}\">\n\t\t\t\t\t\t<div class=\"elementor-container elementor-column-gap-no\">\n\t\t\t\t\t<div class=\"elementor-column elementor-col-100 elementor-top-column elementor-element elementor-element-18c0a5dd\" data-id=\"18c0a5dd\" data-element_type=\"column\">\n\t\t\t<div class=\"elementor-widget-wrap\">\n\t\t\t\t\t\t\t<\/div>\n\t\t<\/div>\n\t\t\t\t\t<\/div>\n\t\t<\/section>\n\t\t\t\t<section class=\"elementor-section elementor-top-section elementor-element elementor-element-38b69336 elementor-section-stretched elementor-section-boxed elementor-section-height-default elementor-section-height-default\" data-id=\"38b69336\" data-element_type=\"section\" data-settings=\"{&quot;background_background&quot;:&quot;classic&quot;,&quot;stretch_section&quot;:&quot;section-stretched&quot;}\">\n\t\t\t\t\t\t<div class=\"elementor-container elementor-column-gap-no\">\n\t\t\t\t\t<div class=\"elementor-column elementor-col-100 elementor-top-column elementor-element elementor-element-6cd7913e\" data-id=\"6cd7913e\" data-element_type=\"column\">\n\t\t\t<div class=\"elementor-widget-wrap elementor-element-populated\">\n\t\t\t\t\t\t<section class=\"elementor-section elementor-inner-section elementor-element elementor-element-73e2b5fe elementor-section-boxed elementor-section-height-default elementor-section-height-default\" data-id=\"73e2b5fe\" data-element_type=\"section\">\n\t\t\t\t\t\t<div class=\"elementor-container elementor-column-gap-default\">\n\t\t\t\t\t<div class=\"elementor-column elementor-col-100 elementor-inner-column elementor-element elementor-element-68e5f0b5\" data-id=\"68e5f0b5\" data-element_type=\"column\">\n\t\t\t<div class=\"elementor-widget-wrap elementor-element-populated\">\n\t\t\t\t\t\t<div class=\"elementor-element elementor-element-327c1932 elementor-widget elementor-widget-ecolar_title\" data-id=\"327c1932\" data-element_type=\"widget\" data-widget_type=\"ecolar_title.default\">\n\t\t\t\t<div class=\"elementor-widget-container\">\n\t\t\t\t\t        <div class=\"ecolar-section-title-wrapper\">\r\n            <div class=\"ecolar-section-title\">\r\n                <h1 class=\"section-title\">Lajme nga aktivitetet tona t\u00eb shoqat\u00ebs<\/h1>\r\n                <div class=\"dec\">\r\n                                    <\/div>\r\n                            <\/div>\r\n        <\/div>\r\n        \t\t\t\t<\/div>\n\t\t\t\t<\/div>\n\t\t\t\t<div class=\"elementor-element elementor-element-6b57f08a elementor-grid-3 elementor-grid-tablet-2 elementor-grid-mobile-1 elementor-posts--thumbnail-top elementor-widget elementor-widget-posts\" data-id=\"6b57f08a\" data-element_type=\"widget\" data-settings=\"{&quot;classic_columns&quot;:&quot;3&quot;,&quot;classic_columns_tablet&quot;:&quot;2&quot;,&quot;classic_columns_mobile&quot;:&quot;1&quot;,&quot;classic_row_gap&quot;:{&quot;unit&quot;:&quot;px&quot;,&quot;size&quot;:35,&quot;sizes&quot;:[]},&quot;classic_row_gap_tablet&quot;:{&quot;unit&quot;:&quot;px&quot;,&quot;size&quot;:&quot;&quot;,&quot;sizes&quot;:[]},&quot;classic_row_gap_mobile&quot;:{&quot;unit&quot;:&quot;px&quot;,&quot;size&quot;:&quot;&quot;,&quot;sizes&quot;:[]}}\" data-widget_type=\"posts.classic\">\n\t\t\t\t<div class=\"elementor-widget-container\">\n\t\t\t\t\t\t\t<div class=\"elementor-posts-container elementor-posts elementor-posts--skin-classic elementor-grid\">\n\t\t\t\t<article class=\"elementor-post elementor-grid-item post-162 post type-post status-publish format-standard has-post-thumbnail hentry category-projekte\">\n\t\t\t\t<a class=\"elementor-post__thumbnail__link\" href=\"https:\/\/mutterteresa-hwv.ch\/al\/projektarbeit-in-der-schweiz-2\/\" tabindex=\"-1\" target=\"&quot;_blank&quot;\">\n\t\t\t<div class=\"elementor-post__thumbnail\"><img fetchpriority=\"high\" decoding=\"async\" width=\"460\" height=\"600\" src=\"https:\/\/mutterteresa-hwv.ch\/wp-content\/uploads\/2021\/11\/schweiz.jpg\" class=\"attachment-full size-full wp-image-4015\" alt=\"\" srcset=\"https:\/\/mutterteresa-hwv.ch\/wp-content\/uploads\/2021\/11\/schweiz.jpg 460w, https:\/\/mutterteresa-hwv.ch\/wp-content\/uploads\/2021\/11\/schweiz-230x300.jpg 230w\" sizes=\"(max-width: 460px) 100vw, 460px\" \/><\/div>\n\t\t<\/a>\n\t\t\t\t<div class=\"elementor-post__text\">\n\t\t\t\t<h1 class=\"elementor-post__title\">\n\t\t\t<a href=\"https:\/\/mutterteresa-hwv.ch\/al\/projektarbeit-in-der-schweiz-2\/\" target=\"&quot;_blank&quot;\">\n\t\t\t\tPuna projektive n\u00eb Zvic\u00ebr\t\t\t<\/a>\n\t\t<\/h1>\n\t\t\t\t<div class=\"elementor-post__excerpt\">\n\t\t\t<p>Kur flasim p\u00ebr Zvicr\u00ebn, flasim p\u00ebr nj\u00ebrin nga vendet m\u00eb t\u00eb pasura n\u00eb bot\u00eb. Por ajo nuk \u00ebsht\u00eb lidere vet\u00ebm n\u00eb aspektin financiar dhe ekonomik.<\/p>\n\t\t<\/div>\n\t\t\t\t<\/div>\n\t\t\t\t<\/article>\n\t\t\t\t<article class=\"elementor-post elementor-grid-item post-6888 post type-post status-publish format-standard has-post-thumbnail hentry category-projekte\">\n\t\t\t\t<a class=\"elementor-post__thumbnail__link\" href=\"https:\/\/mutterteresa-hwv.ch\/al\/wir-sind-auch-noch-da-hilfsprojekt-fuer-menschen-mit-beeintraechtigungen\/\" tabindex=\"-1\" target=\"&quot;_blank&quot;\">\n\t\t\t<div class=\"elementor-post__thumbnail\"><img decoding=\"async\" width=\"1375\" height=\"693\" src=\"https:\/\/mutterteresa-hwv.ch\/wp-content\/uploads\/2024\/07\/filizat-1.jpg\" class=\"attachment-full size-full wp-image-6092\" alt=\"\" srcset=\"https:\/\/mutterteresa-hwv.ch\/wp-content\/uploads\/2024\/07\/filizat-1.jpg 1375w, https:\/\/mutterteresa-hwv.ch\/wp-content\/uploads\/2024\/07\/filizat-1-700x353.jpg 700w, https:\/\/mutterteresa-hwv.ch\/wp-content\/uploads\/2024\/07\/filizat-1-600x302.jpg 600w, https:\/\/mutterteresa-hwv.ch\/wp-content\/uploads\/2024\/07\/filizat-1-300x151.jpg 300w, https:\/\/mutterteresa-hwv.ch\/wp-content\/uploads\/2024\/07\/filizat-1-1024x516.jpg 1024w, https:\/\/mutterteresa-hwv.ch\/wp-content\/uploads\/2024\/07\/filizat-1-768x387.jpg 768w, https:\/\/mutterteresa-hwv.ch\/wp-content\/uploads\/2024\/07\/filizat-1-18x9.jpg 18w\" sizes=\"(max-width: 1375px) 100vw, 1375px\" \/><\/div>\n\t\t<\/a>\n\t\t\t\t<div class=\"elementor-post__text\">\n\t\t\t\t<h1 class=\"elementor-post__title\">\n\t\t\t<a href=\"https:\/\/mutterteresa-hwv.ch\/al\/wir-sind-auch-noch-da-hilfsprojekt-fuer-menschen-mit-beeintraechtigungen\/\" target=\"&quot;_blank&quot;\">\n\t\t\t\tNe jemi ende k\u00ebtu. Projekt ndihme p\u00ebr njer\u00ebzit me aft\u00ebsi t\u00eb kufizuara\t\t\t<\/a>\n\t\t<\/h1>\n\t\t\t\t<div class=\"elementor-post__excerpt\">\n\t\t\t<p>P\u00ebr Dit\u00ebn Nd\u00ebrkomb\u00ebtare t\u00eb Gruas m\u00eb 8 Mars, ata kan\u00eb krijuar zemra s\u00eb bashku. Foto: zVg.<\/p>\t\t<\/div>\n\t\t\t\t<\/div>\n\t\t\t\t<\/article>\n\t\t\t\t<article class=\"elementor-post elementor-grid-item post-6893 post type-post status-publish format-standard has-post-thumbnail hentry category-projekte\">\n\t\t\t\t<a class=\"elementor-post__thumbnail__link\" href=\"https:\/\/mutterteresa-hwv.ch\/al\/ein-dach-ueber-dem-kopf-father-sabu-sagt-danke\/\" tabindex=\"-1\" target=\"&quot;_blank&quot;\">\n\t\t\t<div class=\"elementor-post__thumbnail\"><img decoding=\"async\" width=\"623\" height=\"599\" src=\"https:\/\/mutterteresa-hwv.ch\/wp-content\/uploads\/2025\/01\/father-sabu-1.jpg\" class=\"attachment-full size-full wp-image-6895\" alt=\"\" srcset=\"https:\/\/mutterteresa-hwv.ch\/wp-content\/uploads\/2025\/01\/father-sabu-1.jpg 623w, https:\/\/mutterteresa-hwv.ch\/wp-content\/uploads\/2025\/01\/father-sabu-1-300x288.jpg 300w, https:\/\/mutterteresa-hwv.ch\/wp-content\/uploads\/2025\/01\/father-sabu-1-12x12.jpg 12w\" sizes=\"(max-width: 623px) 100vw, 623px\" \/><\/div>\n\t\t<\/a>\n\t\t\t\t<div class=\"elementor-post__text\">\n\t\t\t\t<h1 class=\"elementor-post__title\">\n\t\t\t<a href=\"https:\/\/mutterteresa-hwv.ch\/al\/ein-dach-ueber-dem-kopf-father-sabu-sagt-danke\/\" target=\"&quot;_blank&quot;\">\n\t\t\t\tNj\u00eb \u00e7ati mbi kok\u00eb: At\u00eb Sabu thot\u00eb faleminderit!\t\t\t<\/a>\n\t\t<\/h1>\n\t\t\t\t<div class=\"elementor-post__excerpt\">\n\t\t\t<p>Delhi (Indi), dhjetor 2023 \u2013 Nj\u00eb familje pa streh\u00eb k\u00ebrkon ndihm\u00eb. At Sabu nga India dhe Shoqata N\u00ebna Terez\u00eb \u2013 HWV Zvic\u00ebr nisin s\u00eb bashku nj\u00eb<\/p>\n\t\t<\/div>\n\t\t\t\t<\/div>\n\t\t\t\t<\/article>\n\t\t\t\t<article class=\"elementor-post elementor-grid-item post-6897 post type-post status-publish format-standard has-post-thumbnail hentry category-projekte\">\n\t\t\t\t<a class=\"elementor-post__thumbnail__link\" href=\"https:\/\/mutterteresa-hwv.ch\/al\/der-samichlaus-kommt-auch-dort-wo-man-ihn-am-wenigsten-erwartet\/\" tabindex=\"-1\" target=\"&quot;_blank&quot;\">\n\t\t\t<div class=\"elementor-post__thumbnail\"><img loading=\"lazy\" decoding=\"async\" width=\"1600\" height=\"778\" src=\"https:\/\/mutterteresa-hwv.ch\/wp-content\/uploads\/2024\/07\/shkolla-hilmi-hoti-1.jpeg\" class=\"attachment-full size-full wp-image-6096\" alt=\"\" srcset=\"https:\/\/mutterteresa-hwv.ch\/wp-content\/uploads\/2024\/07\/shkolla-hilmi-hoti-1.jpeg 1600w, https:\/\/mutterteresa-hwv.ch\/wp-content\/uploads\/2024\/07\/shkolla-hilmi-hoti-1-700x340.jpeg 700w, https:\/\/mutterteresa-hwv.ch\/wp-content\/uploads\/2024\/07\/shkolla-hilmi-hoti-1-600x292.jpeg 600w, https:\/\/mutterteresa-hwv.ch\/wp-content\/uploads\/2024\/07\/shkolla-hilmi-hoti-1-300x146.jpeg 300w, https:\/\/mutterteresa-hwv.ch\/wp-content\/uploads\/2024\/07\/shkolla-hilmi-hoti-1-1024x498.jpeg 1024w, https:\/\/mutterteresa-hwv.ch\/wp-content\/uploads\/2024\/07\/shkolla-hilmi-hoti-1-768x373.jpeg 768w, https:\/\/mutterteresa-hwv.ch\/wp-content\/uploads\/2024\/07\/shkolla-hilmi-hoti-1-1536x747.jpeg 1536w, https:\/\/mutterteresa-hwv.ch\/wp-content\/uploads\/2024\/07\/shkolla-hilmi-hoti-1-18x9.jpeg 18w\" sizes=\"(max-width: 1600px) 100vw, 1600px\" \/><\/div>\n\t\t<\/a>\n\t\t\t\t<div class=\"elementor-post__text\">\n\t\t\t\t<h1 class=\"elementor-post__title\">\n\t\t\t<a href=\"https:\/\/mutterteresa-hwv.ch\/al\/der-samichlaus-kommt-auch-dort-wo-man-ihn-am-wenigsten-erwartet\/\" target=\"&quot;_blank&quot;\">\n\t\t\t\tSh\u00ebn Nikolla vjen edhe atje ku nuk e pret njeri\t\t\t<\/a>\n\t\t<\/h1>\n\t\t\t\t<div class=\"elementor-post__excerpt\">\n\t\t\t<p>Llapushnik (Kosov\u00eb), dhjetor 2023 \u2013 Pedagogu Mifail Krasniqi paraqitet me nj\u00eb k\u00ebrkes\u00eb t\u00eb ve\u00e7ant\u00eb. Ai d\u00ebshiron q\u00eb f\u00ebmij\u00ebve t\u00eb shkoll\u00ebs s\u00eb larg\u00ebt \u00abHilmi Hoti\u00bb t\u2019u jap\u00eb p\u00ebr her\u00eb t\u00eb par\u00eb<\/p>\n\t\t<\/div>\n\t\t\t\t<\/div>\n\t\t\t\t<\/article>\n\t\t\t\t<article class=\"elementor-post elementor-grid-item post-6899 post type-post status-publish format-standard has-post-thumbnail hentry category-projekte\">\n\t\t\t\t<a class=\"elementor-post__thumbnail__link\" href=\"https:\/\/mutterteresa-hwv.ch\/al\/erfolgreich-medizinische-hilfe-in-norduganda-fuer-malariafaelle-und-verschiedensteentzuendungen\/\" tabindex=\"-1\" target=\"&quot;_blank&quot;\">\n\t\t\t<div class=\"elementor-post__thumbnail\"><img loading=\"lazy\" decoding=\"async\" width=\"1024\" height=\"523\" src=\"https:\/\/mutterteresa-hwv.ch\/wp-content\/uploads\/2024\/07\/uganda1.png\" class=\"attachment-full size-full wp-image-6099\" alt=\"\" srcset=\"https:\/\/mutterteresa-hwv.ch\/wp-content\/uploads\/2024\/07\/uganda1.png 1024w, https:\/\/mutterteresa-hwv.ch\/wp-content\/uploads\/2024\/07\/uganda1-700x358.png 700w, https:\/\/mutterteresa-hwv.ch\/wp-content\/uploads\/2024\/07\/uganda1-600x306.png 600w, https:\/\/mutterteresa-hwv.ch\/wp-content\/uploads\/2024\/07\/uganda1-300x153.png 300w, https:\/\/mutterteresa-hwv.ch\/wp-content\/uploads\/2024\/07\/uganda1-768x392.png 768w, https:\/\/mutterteresa-hwv.ch\/wp-content\/uploads\/2024\/07\/uganda1-18x9.png 18w\" sizes=\"(max-width: 1024px) 100vw, 1024px\" \/><\/div>\n\t\t<\/a>\n\t\t\t\t<div class=\"elementor-post__text\">\n\t\t\t\t<h1 class=\"elementor-post__title\">\n\t\t\t<a href=\"https:\/\/mutterteresa-hwv.ch\/al\/erfolgreich-medizinische-hilfe-in-norduganda-fuer-malariafaelle-und-verschiedensteentzuendungen\/\" target=\"&quot;_blank&quot;\">\n\t\t\t\tSuksessh\u00ebm: Ndihma mjek\u00ebsore n\u00eb Uganda Veriore p\u00ebr rastet e malaries dhe inflamacionet e ndryshme\t\t\t<\/a>\n\t\t<\/h1>\n\t\t\t\t<div class=\"elementor-post__excerpt\">\n\t\t\t<p>Uganda (Afrik\u00eb), maj 2023 \u2013 Shoqata N\u00ebna Terez\u00eb \u2013 HWV Zvic\u00ebr, n\u00eb bashk\u00ebpunim me udh\u00ebheq\u00ebsin e projektit Dr. Felix Okello, mb\u00ebshtet nj\u00eb mision dyditor mjek\u00ebsor n\u00eb veri t\u00eb Ugand\u00ebs<\/p>\n\t\t<\/div>\n\t\t\t\t<\/div>\n\t\t\t\t<\/article>\n\t\t\t\t<\/div>\n\t\t\n\t\t\t\t\t\t<\/div>\n\t\t\t\t<\/div>\n\t\t\t\t\t<\/div>\n\t\t<\/div>\n\t\t\t\t\t<\/div>\n\t\t<\/section>\n\t\t\t\t\t<\/div>\n\t\t<\/div>\n\t\t\t\t\t<\/div>\n\t\t<\/section>\n\t\t\t\t<section class=\"elementor-section elementor-top-section elementor-element elementor-element-7d449917 elementor-section-boxed elementor-section-height-default elementor-section-height-default\" data-id=\"7d449917\" data-element_type=\"section\">\n\t\t\t\t\t\t<div class=\"elementor-container elementor-column-gap-default\">\n\t\t\t\t\t<div class=\"elementor-column elementor-col-100 elementor-top-column elementor-element elementor-element-405fe4aa\" data-id=\"405fe4aa\" data-element_type=\"column\">\n\t\t\t<div class=\"elementor-widget-wrap elementor-element-populated\">\n\t\t\t\t\t\t<section class=\"elementor-section elementor-inner-section elementor-element elementor-element-5771050e elementor-section-boxed elementor-section-height-default elementor-section-height-default\" data-id=\"5771050e\" data-element_type=\"section\">\n\t\t\t\t\t\t<div class=\"elementor-container elementor-column-gap-default\">\n\t\t\t\t\t<div class=\"elementor-column elementor-col-100 elementor-inner-column elementor-element elementor-element-7bbceed3\" data-id=\"7bbceed3\" data-element_type=\"column\">\n\t\t\t<div class=\"elementor-widget-wrap elementor-element-populated\">\n\t\t\t\t\t\t<div class=\"elementor-element elementor-element-712b337 elementor-widget elementor-widget-ecolar_title\" data-id=\"712b337\" data-element_type=\"widget\" data-widget_type=\"ecolar_title.default\">\n\t\t\t\t<div class=\"elementor-widget-container\">\n\t\t\t\t\t        <div class=\"ecolar-section-title-wrapper\">\r\n            <div class=\"ecolar-section-title\">\r\n                <h4 class=\"section-title\">Donacioni yt ka fuqin\u00eb t\u00eb ndryshoj\u00eb jet\u00eb.<\/h4>\r\n                <div class=\"dec\">\r\n                    <p>Mb\u00ebshtesni misionin ton\u00eb t\u00eb m\u00ebshir\u00ebs<\/p>                <\/div>\r\n                            <\/div>\r\n        <\/div>\r\n        \t\t\t\t<\/div>\n\t\t\t\t<\/div>\n\t\t\t\t\t<\/div>\n\t\t<\/div>\n\t\t\t\t\t<\/div>\n\t\t<\/section>\n\t\t\t\t\t<\/div>\n\t\t<\/div>\n\t\t\t\t\t<\/div>\n\t\t<\/section>\n\t\t<div class=\"elementor-element elementor-element-30d39d64 e-flex e-con-boxed e-con e-parent\" data-id=\"30d39d64\" data-element_type=\"container\">\n\t\t\t\t\t<div class=\"e-con-inner\">\n\t\t\t\t<div class=\"elementor-element elementor-element-145080a8 elementor-widget elementor-widget-html\" data-id=\"145080a8\" data-element_type=\"widget\" data-widget_type=\"html.default\">\n\t\t\t\t<div class=\"elementor-widget-container\">\n\t\t\t\t\t<script language=\"javascript\" src=\"https:\/\/widget.raisenow.com\/widgets\/lema\/mutte-ea96\/js\/dds-init-widget-de.js\" type=\"text\/javascript\"><\/script>\r\n\r\n<div class=\"dds-widget-container\" data-widget=\"lema\"><\/div>\t\t\t\t<\/div>\n\t\t\t\t<\/div>\n\t\t\t\t\t<\/div>\n\t\t\t\t<\/div>\n\t\t\t\t<section class=\"elementor-section elementor-top-section elementor-element elementor-element-4e746caa elementor-section-stretched elementor-section-content-middle elementor-section-boxed elementor-section-height-default elementor-section-height-default\" data-id=\"4e746caa\" data-element_type=\"section\" data-settings=\"{&quot;stretch_section&quot;:&quot;section-stretched&quot;,&quot;background_background&quot;:&quot;classic&quot;}\">\n\t\t\t\t\t\t\t<div class=\"elementor-background-overlay\"><\/div>\n\t\t\t\t\t\t\t<div class=\"elementor-container elementor-column-gap-no\">\n\t\t\t\t\t<div class=\"elementor-column elementor-col-33 elementor-top-column elementor-element elementor-element-537afab9\" data-id=\"537afab9\" data-element_type=\"column\">\n\t\t\t<div class=\"elementor-widget-wrap\">\n\t\t\t\t\t\t\t<\/div>\n\t\t<\/div>\n\t\t\t\t<div class=\"elementor-column elementor-col-33 elementor-top-column elementor-element elementor-element-43fe65f6\" data-id=\"43fe65f6\" data-element_type=\"column\">\n\t\t\t<div class=\"elementor-widget-wrap elementor-element-populated\">\n\t\t\t\t\t\t<div class=\"elementor-element elementor-element-7a3662ed elementor-widget elementor-widget-ecolar_testimonials\" data-id=\"7a3662ed\" data-element_type=\"widget\" data-widget_type=\"ecolar_testimonials.default\">\n\t\t\t\t<div class=\"elementor-widget-container\">\n\t\t\t\t\t\r\n\t\t\t<script>\r\n\t\t\tjQuery(document).ready(function($) {\r\n\t\t\t\t\"use strict\";\r\n\t\t\t\t$(\".testimonial-slide-1541\").slick({\r\n\t\t\t\t\tslidesToShow: 1,\r\n\t\t\t\t\tslidesToScroll: 1,\r\n                    arrows: false,\r\n                    rtl: false,\r\n\t\t\t\t\tdots: true,\r\n\t\t\t\t\tinfinite: true,\r\n\t\t\t\t\tautoplay: true,speed: 1000,autoplaySpeed: 3000,\r\n                    responsive: [\r\n\t\t\t\t\t\t{\r\n                            breakpoint: 1124,\r\n                            settings: {\r\n                                slidesToShow: 1\r\n                            }\r\n                        },\r\n                        {\r\n                            breakpoint: 992,\r\n                            settings: {\r\n                                slidesToShow: 1\r\n                            }\r\n                        },\r\n\t\t\t\t\t\t{\r\n\t\t\t\t\t\t\tbreakpoint: 769,\r\n\t\t\t\t\t\t\tsettings: {\r\n\t\t\t\t\t\t\t\tslidesToShow: 1\r\n\t\t\t\t\t\t\t}\r\n\t\t\t\t\t\t},\r\n\t\t\t\t\t\t{\r\n\t\t\t\t\t\t\tbreakpoint: 680,\r\n\t\t\t\t\t\t\tsettings: {\r\n\t\t\t\t\t\t\t\tslidesToShow: 1\r\n\t\t\t\t\t\t\t}\r\n\t\t\t\t\t\t}\r\n\t\t\t\t\t]\r\n\t\t\t\t});\r\n\t\t\t});\r\n\t\t\t<\/script>        <div class=\"testimonial-wrapper testimonial-one\">\r\n            <div class=\"testimonial-inner\">\r\n                <div class=\"testimonial-items testimonial-slide-1541 no-row\">\r\n                                            <div class=\"testimonial-single align-items-center no-col\">\r\n                                                        <div class=\"tesimonial-contents\">\r\n                                <div class=\"testi-icon\"><i class=\"fas fa-quote-right\"><\/i><\/div>\r\n                                <div class=\"testimonial-dec\"><p>\"Nuk t\u00eb gjith\u00eb prej nesh mund t\u00eb b\u00ebjn\u00eb gj\u00ebra t\u00eb m\u00ebdha. Por ne mund t\u00eb b\u00ebjm\u00eb gj\u00ebra t\u00eb vogla me shum\u00eb dashuri.\"<\/p><\/div>\r\n                                <div class=\"testimonial-info\">\r\n                                    <h2 class=\"testimonial-title\">N\u00ebn\u00eb Tereza<\/h2>\r\n                                    <h5 class=\"testimonial-sub-title\"><\/h5>\r\n                                <\/div>\r\n                            <\/div>\r\n                        <\/div>\r\n                                            <div class=\"testimonial-single align-items-center no-col\">\r\n                                                        <div class=\"tesimonial-contents\">\r\n                                <div class=\"testi-icon\"><i class=\"fas fa-quote-right\"><\/i><\/div>\r\n                                <div class=\"testimonial-dec\"><p>\"Kur gjykon njer\u00ebzit, nuk ke koh\u00eb t'i duash ata.\"<\/p><\/div>\r\n                                <div class=\"testimonial-info\">\r\n                                    <h2 class=\"testimonial-title\">N\u00ebn\u00eb Tereza<\/h2>\r\n                                    <h5 class=\"testimonial-sub-title\"><\/h5>\r\n                                <\/div>\r\n                            <\/div>\r\n                        <\/div>\r\n                                            <div class=\"testimonial-single align-items-center no-col\">\r\n                                                        <div class=\"tesimonial-contents\">\r\n                                <div class=\"testi-icon\"><i class=\"fas fa-quote-right\"><\/i><\/div>\r\n                                <div class=\"testimonial-dec\"><p>\"Un\u00eb vet\u00eb nuk mund ta ndryshoj bot\u00ebn, por mund t\u00eb hedh nj\u00eb gur mbi uj\u00eb p\u00ebr t\u00eb krijuar shum\u00eb vale.\"<\/p><\/div>\r\n                                <div class=\"testimonial-info\">\r\n                                    <h2 class=\"testimonial-title\">N\u00ebn\u00eb Tereza<\/h2>\r\n                                    <h5 class=\"testimonial-sub-title\"><\/h5>\r\n                                <\/div>\r\n                            <\/div>\r\n                        <\/div>\r\n                                            <div class=\"testimonial-single align-items-center no-col\">\r\n                                                        <div class=\"tesimonial-contents\">\r\n                                <div class=\"testi-icon\"><i class=\"fas fa-quote-right\"><\/i><\/div>\r\n                                <div class=\"testimonial-dec\"><p>\"P\u00ebrhap dashuri, kudo q\u00eb t\u00eb shkosh. Mos lejo ask\u00ebnd t\u00eb vij\u00eb te ti pa u larguar m\u00eb i lumtur.\"<\/p><\/div>\r\n                                <div class=\"testimonial-info\">\r\n                                    <h2 class=\"testimonial-title\">N\u00ebn\u00eb Tereza<\/h2>\r\n                                    <h5 class=\"testimonial-sub-title\"><\/h5>\r\n                                <\/div>\r\n                            <\/div>\r\n                        <\/div>\r\n                                            <div class=\"testimonial-single align-items-center no-col\">\r\n                                                        <div class=\"tesimonial-contents\">\r\n                                <div class=\"testi-icon\"><i class=\"fas fa-quote-right\"><\/i><\/div>\r\n                                <div class=\"testimonial-dec\"><p>\"Fjal\u00ebt miq\u00ebsore mund t\u00eb thuhen shkurt dhe thjesht, por pasojat e tyre jan\u00eb v\u00ebrtet t\u00eb pafundme.\"<\/p><\/div>\r\n                                <div class=\"testimonial-info\">\r\n                                    <h2 class=\"testimonial-title\">N\u00ebn\u00eb Tereza<\/h2>\r\n                                    <h5 class=\"testimonial-sub-title\"><\/h5>\r\n                                <\/div>\r\n                            <\/div>\r\n                        <\/div>\r\n                                            <div class=\"testimonial-single align-items-center no-col\">\r\n                                                        <div class=\"tesimonial-contents\">\r\n                                <div class=\"testi-icon\"><i class=\"fas fa-quote-right\"><\/i><\/div>\r\n                                <div class=\"testimonial-dec\"><p>\"Uri p\u00ebr dashuri \u00ebsht\u00eb shum\u00eb m\u00eb e v\u00ebshtir\u00eb t\u00eb ngopet sesa uri p\u00ebr buk\u00eb\"<\/p><\/div>\r\n                                <div class=\"testimonial-info\">\r\n                                    <h2 class=\"testimonial-title\">N\u00ebn\u00eb Tereza<\/h2>\r\n                                    <h5 class=\"testimonial-sub-title\"><\/h5>\r\n                                <\/div>\r\n                            <\/div>\r\n                        <\/div>\r\n                                            <div class=\"testimonial-single align-items-center no-col\">\r\n                                                        <div class=\"tesimonial-contents\">\r\n                                <div class=\"testi-icon\"><i class=\"fas fa-quote-right\"><\/i><\/div>\r\n                                <div class=\"testimonial-dec\"><p>\"Paqja fillon me nj\u00eb buz\u00ebqeshje\"<\/p><\/div>\r\n                                <div class=\"testimonial-info\">\r\n                                    <h2 class=\"testimonial-title\">N\u00ebn\u00eb Tereza<\/h2>\r\n                                    <h5 class=\"testimonial-sub-title\"><\/h5>\r\n                                <\/div>\r\n                            <\/div>\r\n                        <\/div>\r\n                                    <\/div>\r\n            <\/div>\r\n        <\/div>\r\n        \t\t\t\t<\/div>\n\t\t\t\t<\/div>\n\t\t\t\t\t<\/div>\n\t\t<\/div>\n\t\t\t\t<div class=\"elementor-column elementor-col-33 elementor-top-column elementor-element elementor-element-4fbc2f5c\" data-id=\"4fbc2f5c\" data-element_type=\"column\">\n\t\t\t<div class=\"elementor-widget-wrap\">\n\t\t\t\t\t\t\t<\/div>\n\t\t<\/div>\n\t\t\t\t\t<\/div>\n\t\t<\/section>\n\t\t<div class=\"elementor-element elementor-element-5e1255aa e-con-full e-flex e-con e-parent\" data-id=\"5e1255aa\" data-element_type=\"container\">\n\t\t\t\t<\/div>\n\t\t\t\t<\/div>","protected":false},"excerpt":{"rendered":"<p>Seit \u00fcber 30 Jahren Im Namen von Mutter Teresa im Einsatz H\u00e4ufigkeit und Fragen Was ist die Geschichte und Mission der Mother Teresa Stiftung in der Schweiz? Die Mother Teresa Stiftung in der Schweiz wurde im September 1990 offiziell gegr\u00fcndet, nachdem Mutter Teresa ihren pers\u00f6nlichen Segen f\u00fcr die Gr\u00fcndung von Msgr. Lush Gjergji erhalten hatte. [&hellip;]<\/p>","protected":false},"author":3,"featured_media":0,"parent":0,"menu_order":0,"comment_status":"closed","ping_status":"closed","template":"elementor_header_footer","meta":{"give_campaign_id":0,"footnotes":""},"class_list":["post-7147","page","type-page","status-publish","hentry"],"campaignId":"","_links":{"self":[{"href":"https:\/\/mutterteresa-hwv.ch\/al\/wp-json\/wp\/v2\/pages\/7147","targetHints":{"allow":["GET"]}}],"collection":[{"href":"https:\/\/mutterteresa-hwv.ch\/al\/wp-json\/wp\/v2\/pages"}],"about":[{"href":"https:\/\/mutterteresa-hwv.ch\/al\/wp-json\/wp\/v2\/types\/page"}],"author":[{"embeddable":true,"href":"https:\/\/mutterteresa-hwv.ch\/al\/wp-json\/wp\/v2\/users\/3"}],"replies":[{"embeddable":true,"href":"https:\/\/mutterteresa-hwv.ch\/al\/wp-json\/wp\/v2\/comments?post=7147"}],"version-history":[{"count":8,"href":"https:\/\/mutterteresa-hwv.ch\/al\/wp-json\/wp\/v2\/pages\/7147\/revisions"}],"predecessor-version":[{"id":7369,"href":"https:\/\/mutterteresa-hwv.ch\/al\/wp-json\/wp\/v2\/pages\/7147\/revisions\/7369"}],"wp:attachment":[{"href":"https:\/\/mutterteresa-hwv.ch\/al\/wp-json\/wp\/v2\/media?parent=7147"}],"curies":[{"name":"wp","href":"https:\/\/api.w.org\/{rel}","templated":true}]}}