{"id":5853,"date":"2024-07-16T15:06:19","date_gmt":"2024-07-16T15:06:19","guid":{"rendered":"https:\/\/new-muttertheresa-hwv.musaj.com\/?page_id=5853"},"modified":"2024-07-16T15:06:20","modified_gmt":"2024-07-16T15:06:20","slug":"datenschutzerklaerung","status":"publish","type":"page","link":"https:\/\/mutterteresa-hwv.ch\/al\/datenschutzerklaerung\/","title":{"rendered":"Deklarata p\u00ebr mbrojtjen e t\u00eb dh\u00ebnave"},"content":{"rendered":"<h1 class=\"wp-block-heading\">Deklarata p\u00ebr mbrojtjen e t\u00eb dh\u00ebnave<\/h1>\n\n\n\n<p>Verantwortliche Stelle im Sinne der Datenschutzgesetze, insbesondere der EU-Datenschutzgrundverordnung (DSGVO), ist:<\/p>\n\n\n\n<p><strong>Mutter Teresa \u2013 HWV Schweiz<br><\/strong>Abteilung<br><strong>ICT, Presse und Neue Medien<br><\/strong>Luzernerstrasse 88<br>6014 Luzern<\/p>\n\n\n\n<p>Telefon: 041 250 27 92<br>E-Mail: info@mutterteresa-hwv.ch<br>WebSite: https:\/\/www.mutterteresa-hwv.ch\/&nbsp;<\/p>\n\n\n\n<h2 class=\"wp-block-heading\">Bearbeitung von Personendaten<\/h2>\n\n\n\n<p>Personendaten sind alle Angaben, die sich auf eine bestimmte oder bestimmbare Person beziehen. Eine betroffene Person ist eine Person, \u00fcber die Personendaten bearbeitet werden. Bearbeiten umfasst jeden Umgang mit Personendaten, unabh\u00e4ngig von den angewandten Mitteln und Verfahren, insbesondere das Aufbewahren, Bekanntgeben, Beschaffen, L\u00f6schen, Speichern, Ver\u00e4ndern, Vernichten und Verwenden von Personendaten.<\/p>\n\n\n\n<p>Wir bearbeiten Personendaten im Einklang mit dem schweizerischen Datenschutzrecht. Im \u00dcbrigen bearbeiten wir \u2013 soweit und sofern die EU-DSGVO anwendbar ist \u2013 Personendaten gem\u00e4ss folgenden Rechtsgrundlagen im Zusammenhang mit Art. 6 Abs. 1 DSGVO:<\/p>\n\n\n\n<ul class=\"wp-block-list\">\n<li>lit. a) Bearbeitung von Personendaten mit Einwilligung der betroffenen Person.<\/li>\n\n\n\n<li>lit. b) Bearbeitung von Personendaten zur Erf\u00fcllung eines Vertrages mit der betroffenen Person sowie zur Durchf\u00fchrung entsprechender vorvertraglicher Massnahmen.<\/li>\n\n\n\n<li>lit. c) Bearbeitung von Personendaten zur Erf\u00fcllung einer rechtlichen Verpflichtung, der wir gem\u00e4ss allenfalls anwendbarem Recht der EU oder gem\u00e4ss allenfalls anwendbarem Recht eines Landes, in dem die DSGVO\u00a0ganz oder teilweise anwendbar ist, unterliegen.<\/li>\n\n\n\n<li>lit. d) Bearbeitung von Personendaten um lebenswichtige Interessen der betroffenen Person oder einer anderen nat\u00fcrlichen Person zu sch\u00fctzen.<\/li>\n\n\n\n<li>lit. f) Bearbeitung von Personendaten um die berechtigten Interessen von uns oder von Dritten zu wahren, sofern nicht die Grundfreiheiten und Grundrechte sowie Interessen der betroffenen Person \u00fcberwiegen. Berechtigte Interessen sind insbesondere unser betriebswirtschaftliches Interesse, unsere Website bereitstellen zu k\u00f6nnen, die Informationssicherheit, die Durchsetzung von eigenen rechtlichen Anspr\u00fcchen und die Einhaltung von schweizerischem Recht.<\/li>\n<\/ul>\n\n\n\n<p>Wir bearbeiten Personendaten f\u00fcr jene Dauer, die f\u00fcr den jeweiligen Zweck oder die jeweiligen Zwecke erforderlich ist. Bei l\u00e4nger dauernden Aufbewahrungspflichten aufgrund von gesetzlichen und sonstigen Pflichten, denen wir unterliegen, schr\u00e4nken wir die Bearbeitung entsprechend ein.<\/p>\n\n\n\n<p>Auf unserer Webseite setzen wir die Spendentechnologie der Firma RaiseNow AG, Hardturmstr. 101, 8005 Z\u00fcrich ein, deren Datenschutzrichtlinien Sie hier einsehen k\u00f6nnen:&nbsp;<a href=\"https:\/\/www.raisenow.com\/ch-de\/datenschutz\">https:\/\/www.raisenow.com\/ch-de\/datenschutz<\/a>. Die erfassten personen- und zahlungsbezogenen Daten sowie Kommunikations-Pr\u00e4ferenzen werden von RaiseNow auf Grundlage unserer Interessen gem. Art. 6 Abs. 1 lit. b DSGVO und eines Auftragsverarbeitungsvertrages gem. Art. 28 Abs. 3 S. 1 DSGVO erfasst. RaiseNow AG mit Sitz in der Schweiz und RaiseNow GmbH mit Sitz in Deutschland erf\u00fcllen alle Vorgaben der Europ\u00e4ischen Datenschutzgrundverordnung. Die Schweiz gilt als sicheres Drittland, dem die Europ\u00e4ische Kommission per Angemenssenheitsbeschluss ein angemessenes Datenschutzniveau best\u00e4tigt hat. Dazu geh\u00f6rt beispielsweise die Sicherheit der Datenverarbeitung, die bei der RaiseNow AG regelm\u00e4ssig durch den T\u00dcV S\u00dcD auf Grundlage des PCI-DSS SAQ D Level 2 Sicherheitsstandards gepr\u00fcft und zertifiziert wird (<a href=\"https:\/\/developer.raisenow.com\/docs\/pci-dss\/Certificate-of-Validation_en.pdf\">https:\/\/developer.raisenow.com\/docs\/pci-dss\/Certificate-of-Validation_en.pdf<\/a>). RaiseNow mund t\u2019i p\u00ebrdor\u00eb t\u00eb dh\u00ebnat e regjistruara n\u00eb form\u00eb t\u00eb anonimizuar, pra pa mund\u00ebsi identifikimi t\u00eb donatorit, p\u00ebr q\u00ebllime t\u00eb optimizimit ose p\u00ebrmir\u00ebsimit t\u00eb sh\u00ebrbimeve t\u00eb veta, por jo p\u00ebr t\u2019i kontaktuar drejtp\u00ebrdrejt donator\u00ebt apo p\u00ebr t\u00eb kaluar t\u00eb dh\u00ebna te pal\u00eb t\u00eb treta.<\/p>\n\n\n\n<h2 class=\"wp-block-heading\">Datenschutzerkl\u00e4rung f\u00fcr SSL-\/TLS-Verschl\u00fcsselung<\/h2>\n\n\n\n<p>Diese Website nutzt aus Gr\u00fcnden der Sicherheit und zum Schutz der \u00dcbertragung vertraulicher Inhalte, wie zum Beispiel Spenden oder Anfragen, die Sie an uns als Seitenbetreiber senden, eine SSL-\/TLS-Verschl\u00fcsselung. Eine verschl\u00fcsselte Verbindung erkennen Sie daran, dass die Adresszeile des Browsers von \u201chttp:\/\/\u201d auf \u201chttps:\/\/\u201d wechselt und an dem Schloss-Symbol in Ihrer Browserzeile.<\/p>\n\n\n\n<p>Wenn die SSL bzw. TLS Verschl\u00fcsselung aktiviert ist, k\u00f6nnen die Daten, die Sie an uns \u00fcbermitteln, nicht von Dritten mitgelesen werden.<\/p>\n\n\n\n<h2 class=\"wp-block-heading\">Datenschutzerkl\u00e4rung f\u00fcr Google Analytics<\/h2>\n\n\n\n<p>Diese Website benutzt Google Analytics, einen Webanalysedienst der Google Ireland Limited. Wenn der Verantwortliche f\u00fcr die Datenverarbeitung auf dieser Website ausserhalb des Europ\u00e4ischen Wirtschaftsraumes oder der Schweiz sitzt, dann erfolgt die Google Analytics Datenverarbeitung durch Google LLC. Google LLC und Google Ireland Limited werden nachfolgend \u00abGoogle\u00bb genannt.<\/p>\n\n\n\n<p>\u00dcber die gewonnenen Statistiken k\u00f6nnen wir unser Angebot verbessern und f\u00fcr Sie als Nutzer interessanter ausgestalten. Diese Website verwendet Google Analytics zudem f\u00fcr eine ger\u00e4te\u00fcbergreifende Analyse von Besucherstr\u00f6men, die \u00fcber eine User-ID durchgef\u00fchrt wird. Sofern Sie \u00fcber ein Google-Benutzerkonto verf\u00fcgen, k\u00f6nnen Sie in den dortigen Einstellungen unter \u00abMeine Daten\u00bb, \u00abpers\u00f6nliche Daten\u00bb die ger\u00e4te\u00fcbergreifende Analyse Ihrer Nutzung deaktivieren.<\/p>\n\n\n\n<p>Rechtsgrundlage f\u00fcr die Nutzung von Google Analytics ist Art. 6 Abs. 1 S. 1 lit. f DS-GVO. Die im Rahmen von Google Analytics von Ihrem Browser \u00fcbermittelte IP-Adresse wird nicht mit anderen Daten von Google zusammengef\u00fchrt. Wir weisen Sie darauf hin, dass auf dieser Website Google Analytics um den Code \u00ab_anonymizeIp();\u00bb erweitert wurde, um eine anonymisierte Erfassung von IP-Adressen zu gew\u00e4hrleisten. Dadurch werden IP-Adressen gek\u00fcrzt weiterverarbeitet, eine Personenbeziehbarkeit kann damit ausgeschlossen werden. Soweit den \u00fcber Sie erhobenen Daten ein Personenbezug zukommt, wird dieser also sofort ausgeschlossen und die personenbezogenen Daten damit umgehend gel\u00f6scht.<\/p>\n\n\n\n<p>Nur in Ausnahmef\u00e4llen wird die volle IP-Adresse an einen Server von Google in den USA \u00fcbertragen und dort gek\u00fcrzt. Im Auftrag des Betreibers dieser Website wird Google diese Informationen benutzen, um Ihre Nutzung der Website auszuwerten, um Reports \u00fcber die Websitenaktivit\u00e4ten zusammenzustellen und um weitere mit der Websitennutzung und der Internetnutzung verbundene Dienstleistungen gegen\u00fcber dem Websitenbetreiber zu erbringen. F\u00fcr die Ausnahmef\u00e4lle, in denen personenbezogene Daten in die USA \u00fcbertragen werden, hat sich Google dem EU-US Privacy Shield unterworfen,&nbsp;<a href=\"https:\/\/www.privacyshield.gov\/EU-US-Framework\" target=\"_blank\" rel=\"noreferrer noopener\">https:\/\/www.privacyshield.gov\/EU-US-Framework<\/a>.<\/p>\n\n\n\n<p>Google Analytics verwendet Cookies. Die durch den Cookie erzeugten Informationen \u00fcber Ihre Benutzung dieser Website werden in der Regel an einen Server von Google in den USA \u00fcbertragen und dort gespeichert. Sie k\u00f6nnen die Speicherung der Cookies durch eine entsprechende Einstellung Ihrer Browser-Software verhindern; wir weisen Sie jedoch darauf hin, dass Sie in diesem Fall gegebenenfalls nicht s\u00e4mtliche Funktionen dieser Website vollumf\u00e4nglich werden nutzen k\u00f6nnen. Sie k\u00f6nnen dar\u00fcber hinaus die Erfassung der durch das Cookie erzeugten und auf Ihre Nutzung der Website bezogenen Daten (inkl. Ihrer IP-Adresse) an Google sowie die Verarbeitung dieser Daten durch Google verhindern, indem sie das unter dem folgenden Link verf\u00fcgbare Browser-Plugin herunterladen und installieren:&nbsp;<a href=\"https:\/\/www.swissanwalt.ch\/de\/gaoptout.aspx\" target=\"_blank\" rel=\"noreferrer noopener\">Google Analytics deaktivieren<\/a>.<\/p>\n\n\n\n<p>Ausserdem k\u00f6nnen Sie die Nutzung von Google Analytics auch verhindern, indem sie auf diesen Link klicken:&nbsp;<a href=\"https:\/\/tools.google.com\/dlpage\/gaoptout?hl=de\" target=\"_blank\" rel=\"noreferrer noopener\">Google Analytics deaktivieren<\/a>. Hierdurch wird ein sog. opt-out Cookie auf ihrem Datentr\u00e4ger gespeichert, der die Verarbeitung personenbezogener Daten durch Google Analytics verhindert. Bitte beachten Sie, dass bei einem L\u00f6schen s\u00e4mtlicher Cookies auf Ihrem Endger\u00e4t auch diese Opt-out-Cookies gel\u00f6scht werden, d.h., dass Sie erneut die Opt-out-Cookies setzen m\u00fcssen, wenn Sie weiterhin diese Form der Datenerhebung verhindern wollen. Die Opt-out-Cookies sind pro Browser und Rechner\/Endger\u00e4t gesetzt und m\u00fcssen daher f\u00fcr jeden Browser, Rechner oder anderes Endger\u00e4t gesondert aktiviert werden.<\/p>\n\n\n\n<h2 class=\"wp-block-heading\">\u00c4nderungen<\/h2>\n\n\n\n<p>Wir k\u00f6nnen diese Datenschutzerkl\u00e4rung jederzeit ohne Vorank\u00fcndigung anpassen. Es gilt die jeweils aktuelle, auf unserer Website publizierte Fassung. Soweit die Datenschutzerkl\u00e4rung Teil einer Vereinbarung mit Ihnen ist, werden wir Sie im Falle einer Aktualisierung \u00fcber die \u00c4nderung per E-Mail oder auf andere geeignete Weise informieren.<\/p>\n\n\n\n<h2 class=\"wp-block-heading\">Fragen an den Datenschutzbeauftragten<\/h2>\n\n\n\n<p>Wenn Sie Fragen zum Datenschutz haben, schreiben Sie uns bitte eine E-Mail oder wenden Sie sich direkt an die f\u00fcr den Datenschutz zu Beginn der Datenschutzerkl\u00e4rung aufgef\u00fchrten, verantwortlichen Person in unserer Organisation.<\/p>\n\n\n\n<p>Luzern, 17.03.2020<br>Quelle:&nbsp;<a href=\"https:\/\/www.swissanwalt.ch\/\" target=\"_blank\" rel=\"noreferrer noopener\">SwissAnwalt<\/a><\/p>","protected":false},"excerpt":{"rendered":"<p>Datenschutzerkl\u00e4rung Verantwortliche Stelle im Sinne der Datenschutzgesetze, insbesondere der EU-Datenschutzgrundverordnung (DSGVO), ist: Mutter Teresa \u2013 HWV SchweizAbteilungICT, Presse und Neue MedienLuzernerstrasse 886014 Luzern Telefon: 041 250 27 92E-Mail: info@mutterteresa-hwv.chWebSite: https:\/\/www.mutterteresa-hwv.ch\/&nbsp; Bearbeitung von Personendaten Personendaten sind alle Angaben, die sich auf eine bestimmte oder bestimmbare Person beziehen. Eine betroffene Person ist eine Person, \u00fcber die Personendaten [&hellip;]<\/p>","protected":false},"author":1,"featured_media":0,"parent":0,"menu_order":0,"comment_status":"closed","ping_status":"closed","template":"","meta":{"give_campaign_id":0,"footnotes":""},"class_list":["post-5853","page","type-page","status-publish","hentry"],"campaignId":"","_links":{"self":[{"href":"https:\/\/mutterteresa-hwv.ch\/al\/wp-json\/wp\/v2\/pages\/5853","targetHints":{"allow":["GET"]}}],"collection":[{"href":"https:\/\/mutterteresa-hwv.ch\/al\/wp-json\/wp\/v2\/pages"}],"about":[{"href":"https:\/\/mutterteresa-hwv.ch\/al\/wp-json\/wp\/v2\/types\/page"}],"author":[{"embeddable":true,"href":"https:\/\/mutterteresa-hwv.ch\/al\/wp-json\/wp\/v2\/users\/1"}],"replies":[{"embeddable":true,"href":"https:\/\/mutterteresa-hwv.ch\/al\/wp-json\/wp\/v2\/comments?post=5853"}],"version-history":[{"count":1,"href":"https:\/\/mutterteresa-hwv.ch\/al\/wp-json\/wp\/v2\/pages\/5853\/revisions"}],"predecessor-version":[{"id":5854,"href":"https:\/\/mutterteresa-hwv.ch\/al\/wp-json\/wp\/v2\/pages\/5853\/revisions\/5854"}],"wp:attachment":[{"href":"https:\/\/mutterteresa-hwv.ch\/al\/wp-json\/wp\/v2\/media?parent=5853"}],"curies":[{"name":"wp","href":"https:\/\/api.w.org\/{rel}","templated":true}]}}