{"id":1054,"date":"2021-12-03T15:23:18","date_gmt":"2021-12-03T15:23:18","guid":{"rendered":"https:\/\/wptf.themepul.com\/ecolar\/?page_id=1054"},"modified":"2025-03-14T12:45:16","modified_gmt":"2025-03-14T12:45:16","slug":"projekte","status":"publish","type":"page","link":"https:\/\/mutterteresa-hwv.ch\/al\/projekte\/","title":{"rendered":"Projekte"},"content":{"rendered":"<div data-elementor-type=\"wp-page\" data-elementor-id=\"1054\" class=\"elementor elementor-1054\" data-elementor-post-type=\"page\">\n\t\t\t\t<div class=\"elementor-element elementor-element-3ebbb71 e-flex e-con-boxed e-con e-parent\" data-id=\"3ebbb71\" data-element_type=\"container\">\n\t\t\t\t\t<div class=\"e-con-inner\">\n\t\t\t\t<div class=\"elementor-element elementor-element-b5024e6 elementor-widget elementor-widget-heading\" data-id=\"b5024e6\" data-element_type=\"widget\" data-widget_type=\"heading.default\">\n\t\t\t\t<div class=\"elementor-widget-container\">\n\t\t\t\t\t<h2 class=\"elementor-heading-title elementor-size-default\">Projektet tona<\/h2>\t\t\t\t<\/div>\n\t\t\t\t<\/div>\n\t\t\t\t\t<\/div>\n\t\t\t\t<\/div>\n\t\t<div class=\"elementor-element elementor-element-0bf66c6 e-flex e-con-boxed e-con e-parent\" data-id=\"0bf66c6\" data-element_type=\"container\">\n\t\t\t\t\t<div class=\"e-con-inner\">\n\t\t\t\t<div class=\"elementor-element elementor-element-2f57436 elementor-grid-3 elementor-grid-tablet-2 elementor-grid-mobile-1 elementor-posts--thumbnail-top elementor-widget elementor-widget-posts\" data-id=\"2f57436\" data-element_type=\"widget\" data-settings=\"{&quot;classic_columns&quot;:&quot;3&quot;,&quot;classic_columns_tablet&quot;:&quot;2&quot;,&quot;classic_columns_mobile&quot;:&quot;1&quot;,&quot;classic_row_gap&quot;:{&quot;unit&quot;:&quot;px&quot;,&quot;size&quot;:35,&quot;sizes&quot;:[]},&quot;classic_row_gap_tablet&quot;:{&quot;unit&quot;:&quot;px&quot;,&quot;size&quot;:&quot;&quot;,&quot;sizes&quot;:[]},&quot;classic_row_gap_mobile&quot;:{&quot;unit&quot;:&quot;px&quot;,&quot;size&quot;:&quot;&quot;,&quot;sizes&quot;:[]}}\" data-widget_type=\"posts.classic\">\n\t\t\t\t<div class=\"elementor-widget-container\">\n\t\t\t\t\t\t\t<div class=\"elementor-posts-container elementor-posts elementor-posts--skin-classic elementor-grid\">\n\t\t\t\t<article class=\"elementor-post elementor-grid-item post-162 post type-post status-publish format-standard has-post-thumbnail hentry category-projekte\">\n\t\t\t\t<a class=\"elementor-post__thumbnail__link\" href=\"https:\/\/mutterteresa-hwv.ch\/al\/projektarbeit-in-der-schweiz-2\/\" tabindex=\"-1\" target=\"&quot;_blank&quot;\">\n\t\t\t<div class=\"elementor-post__thumbnail\"><img fetchpriority=\"high\" decoding=\"async\" width=\"460\" height=\"600\" src=\"https:\/\/mutterteresa-hwv.ch\/wp-content\/uploads\/2021\/11\/schweiz.jpg\" class=\"attachment-full size-full wp-image-4015\" alt=\"\" srcset=\"https:\/\/mutterteresa-hwv.ch\/wp-content\/uploads\/2021\/11\/schweiz.jpg 460w, https:\/\/mutterteresa-hwv.ch\/wp-content\/uploads\/2021\/11\/schweiz-230x300.jpg 230w\" sizes=\"(max-width: 460px) 100vw, 460px\" \/><\/div>\n\t\t<\/a>\n\t\t\t\t<div class=\"elementor-post__text\">\n\t\t\t\t<h1 class=\"elementor-post__title\">\n\t\t\t<a href=\"https:\/\/mutterteresa-hwv.ch\/al\/projektarbeit-in-der-schweiz-2\/\" target=\"&quot;_blank&quot;\">\n\t\t\t\tPuna projektive n\u00eb Zvic\u00ebr\t\t\t<\/a>\n\t\t<\/h1>\n\t\t\t\t<div class=\"elementor-post__excerpt\">\n\t\t\t<p>Kur flasim p\u00ebr Zvicr\u00ebn, flasim p\u00ebr nj\u00ebrin nga vendet m\u00eb t\u00eb pasura n\u00eb bot\u00eb. Por ajo nuk \u00ebsht\u00eb lidere vet\u00ebm n\u00eb aspektin financiar dhe ekonomik.<\/p>\n\t\t<\/div>\n\t\t\t\t<\/div>\n\t\t\t\t<\/article>\n\t\t\t\t<article class=\"elementor-post elementor-grid-item post-6888 post type-post status-publish format-standard has-post-thumbnail hentry category-projekte\">\n\t\t\t\t<a class=\"elementor-post__thumbnail__link\" href=\"https:\/\/mutterteresa-hwv.ch\/al\/wir-sind-auch-noch-da-hilfsprojekt-fuer-menschen-mit-beeintraechtigungen\/\" tabindex=\"-1\" target=\"&quot;_blank&quot;\">\n\t\t\t<div class=\"elementor-post__thumbnail\"><img decoding=\"async\" width=\"1375\" height=\"693\" src=\"https:\/\/mutterteresa-hwv.ch\/wp-content\/uploads\/2024\/07\/filizat-1.jpg\" class=\"attachment-full size-full wp-image-6092\" alt=\"\" srcset=\"https:\/\/mutterteresa-hwv.ch\/wp-content\/uploads\/2024\/07\/filizat-1.jpg 1375w, https:\/\/mutterteresa-hwv.ch\/wp-content\/uploads\/2024\/07\/filizat-1-700x353.jpg 700w, https:\/\/mutterteresa-hwv.ch\/wp-content\/uploads\/2024\/07\/filizat-1-600x302.jpg 600w, https:\/\/mutterteresa-hwv.ch\/wp-content\/uploads\/2024\/07\/filizat-1-300x151.jpg 300w, https:\/\/mutterteresa-hwv.ch\/wp-content\/uploads\/2024\/07\/filizat-1-1024x516.jpg 1024w, https:\/\/mutterteresa-hwv.ch\/wp-content\/uploads\/2024\/07\/filizat-1-768x387.jpg 768w, https:\/\/mutterteresa-hwv.ch\/wp-content\/uploads\/2024\/07\/filizat-1-18x9.jpg 18w\" sizes=\"(max-width: 1375px) 100vw, 1375px\" \/><\/div>\n\t\t<\/a>\n\t\t\t\t<div class=\"elementor-post__text\">\n\t\t\t\t<h1 class=\"elementor-post__title\">\n\t\t\t<a href=\"https:\/\/mutterteresa-hwv.ch\/al\/wir-sind-auch-noch-da-hilfsprojekt-fuer-menschen-mit-beeintraechtigungen\/\" target=\"&quot;_blank&quot;\">\n\t\t\t\tNe jemi ende k\u00ebtu. Projekt ndihme p\u00ebr njer\u00ebzit me aft\u00ebsi t\u00eb kufizuara\t\t\t<\/a>\n\t\t<\/h1>\n\t\t\t\t<div class=\"elementor-post__excerpt\">\n\t\t\t<p>P\u00ebr Dit\u00ebn Nd\u00ebrkomb\u00ebtare t\u00eb Gruas m\u00eb 8 Mars, ata kan\u00eb krijuar zemra s\u00eb bashku. Foto: zVg.<\/p>\t\t<\/div>\n\t\t\t\t<\/div>\n\t\t\t\t<\/article>\n\t\t\t\t<article class=\"elementor-post elementor-grid-item post-6893 post type-post status-publish format-standard has-post-thumbnail hentry category-projekte\">\n\t\t\t\t<a class=\"elementor-post__thumbnail__link\" href=\"https:\/\/mutterteresa-hwv.ch\/al\/ein-dach-ueber-dem-kopf-father-sabu-sagt-danke\/\" tabindex=\"-1\" target=\"&quot;_blank&quot;\">\n\t\t\t<div class=\"elementor-post__thumbnail\"><img decoding=\"async\" width=\"623\" height=\"599\" src=\"https:\/\/mutterteresa-hwv.ch\/wp-content\/uploads\/2025\/01\/father-sabu-1.jpg\" class=\"attachment-full size-full wp-image-6895\" alt=\"\" srcset=\"https:\/\/mutterteresa-hwv.ch\/wp-content\/uploads\/2025\/01\/father-sabu-1.jpg 623w, https:\/\/mutterteresa-hwv.ch\/wp-content\/uploads\/2025\/01\/father-sabu-1-300x288.jpg 300w, https:\/\/mutterteresa-hwv.ch\/wp-content\/uploads\/2025\/01\/father-sabu-1-12x12.jpg 12w\" sizes=\"(max-width: 623px) 100vw, 623px\" \/><\/div>\n\t\t<\/a>\n\t\t\t\t<div class=\"elementor-post__text\">\n\t\t\t\t<h1 class=\"elementor-post__title\">\n\t\t\t<a href=\"https:\/\/mutterteresa-hwv.ch\/al\/ein-dach-ueber-dem-kopf-father-sabu-sagt-danke\/\" target=\"&quot;_blank&quot;\">\n\t\t\t\tNj\u00eb \u00e7ati mbi kok\u00eb: At\u00eb Sabu thot\u00eb faleminderit!\t\t\t<\/a>\n\t\t<\/h1>\n\t\t\t\t<div class=\"elementor-post__excerpt\">\n\t\t\t<p>Delhi (Indi), dhjetor 2023 \u2013 Nj\u00eb familje pa streh\u00eb k\u00ebrkon ndihm\u00eb. At Sabu nga India dhe Shoqata N\u00ebna Terez\u00eb \u2013 HWV Zvic\u00ebr nisin s\u00eb bashku nj\u00eb<\/p>\n\t\t<\/div>\n\t\t\t\t<\/div>\n\t\t\t\t<\/article>\n\t\t\t\t<article class=\"elementor-post elementor-grid-item post-6897 post type-post status-publish format-standard has-post-thumbnail hentry category-projekte\">\n\t\t\t\t<a class=\"elementor-post__thumbnail__link\" href=\"https:\/\/mutterteresa-hwv.ch\/al\/der-samichlaus-kommt-auch-dort-wo-man-ihn-am-wenigsten-erwartet\/\" tabindex=\"-1\" target=\"&quot;_blank&quot;\">\n\t\t\t<div class=\"elementor-post__thumbnail\"><img loading=\"lazy\" decoding=\"async\" width=\"1600\" height=\"778\" src=\"https:\/\/mutterteresa-hwv.ch\/wp-content\/uploads\/2024\/07\/shkolla-hilmi-hoti-1.jpeg\" class=\"attachment-full size-full wp-image-6096\" alt=\"\" srcset=\"https:\/\/mutterteresa-hwv.ch\/wp-content\/uploads\/2024\/07\/shkolla-hilmi-hoti-1.jpeg 1600w, https:\/\/mutterteresa-hwv.ch\/wp-content\/uploads\/2024\/07\/shkolla-hilmi-hoti-1-700x340.jpeg 700w, https:\/\/mutterteresa-hwv.ch\/wp-content\/uploads\/2024\/07\/shkolla-hilmi-hoti-1-600x292.jpeg 600w, https:\/\/mutterteresa-hwv.ch\/wp-content\/uploads\/2024\/07\/shkolla-hilmi-hoti-1-300x146.jpeg 300w, https:\/\/mutterteresa-hwv.ch\/wp-content\/uploads\/2024\/07\/shkolla-hilmi-hoti-1-1024x498.jpeg 1024w, https:\/\/mutterteresa-hwv.ch\/wp-content\/uploads\/2024\/07\/shkolla-hilmi-hoti-1-768x373.jpeg 768w, https:\/\/mutterteresa-hwv.ch\/wp-content\/uploads\/2024\/07\/shkolla-hilmi-hoti-1-1536x747.jpeg 1536w, https:\/\/mutterteresa-hwv.ch\/wp-content\/uploads\/2024\/07\/shkolla-hilmi-hoti-1-18x9.jpeg 18w\" sizes=\"(max-width: 1600px) 100vw, 1600px\" \/><\/div>\n\t\t<\/a>\n\t\t\t\t<div class=\"elementor-post__text\">\n\t\t\t\t<h1 class=\"elementor-post__title\">\n\t\t\t<a href=\"https:\/\/mutterteresa-hwv.ch\/al\/der-samichlaus-kommt-auch-dort-wo-man-ihn-am-wenigsten-erwartet\/\" target=\"&quot;_blank&quot;\">\n\t\t\t\tSh\u00ebn Nikolla vjen edhe atje ku nuk e pret njeri\t\t\t<\/a>\n\t\t<\/h1>\n\t\t\t\t<div class=\"elementor-post__excerpt\">\n\t\t\t<p>Llapushnik (Kosov\u00eb), dhjetor 2023 \u2013 Pedagogu Mifail Krasniqi paraqitet me nj\u00eb k\u00ebrkes\u00eb t\u00eb ve\u00e7ant\u00eb. Ai d\u00ebshiron q\u00eb f\u00ebmij\u00ebve t\u00eb shkoll\u00ebs s\u00eb larg\u00ebt \u00abHilmi Hoti\u00bb t\u2019u jap\u00eb p\u00ebr her\u00eb t\u00eb par\u00eb<\/p>\n\t\t<\/div>\n\t\t\t\t<\/div>\n\t\t\t\t<\/article>\n\t\t\t\t<article class=\"elementor-post elementor-grid-item post-6899 post type-post status-publish format-standard has-post-thumbnail hentry category-projekte\">\n\t\t\t\t<a class=\"elementor-post__thumbnail__link\" href=\"https:\/\/mutterteresa-hwv.ch\/al\/erfolgreich-medizinische-hilfe-in-norduganda-fuer-malariafaelle-und-verschiedensteentzuendungen\/\" tabindex=\"-1\" target=\"&quot;_blank&quot;\">\n\t\t\t<div class=\"elementor-post__thumbnail\"><img loading=\"lazy\" decoding=\"async\" width=\"1024\" height=\"523\" src=\"https:\/\/mutterteresa-hwv.ch\/wp-content\/uploads\/2024\/07\/uganda1.png\" class=\"attachment-full size-full wp-image-6099\" alt=\"\" srcset=\"https:\/\/mutterteresa-hwv.ch\/wp-content\/uploads\/2024\/07\/uganda1.png 1024w, https:\/\/mutterteresa-hwv.ch\/wp-content\/uploads\/2024\/07\/uganda1-700x358.png 700w, https:\/\/mutterteresa-hwv.ch\/wp-content\/uploads\/2024\/07\/uganda1-600x306.png 600w, https:\/\/mutterteresa-hwv.ch\/wp-content\/uploads\/2024\/07\/uganda1-300x153.png 300w, https:\/\/mutterteresa-hwv.ch\/wp-content\/uploads\/2024\/07\/uganda1-768x392.png 768w, https:\/\/mutterteresa-hwv.ch\/wp-content\/uploads\/2024\/07\/uganda1-18x9.png 18w\" sizes=\"(max-width: 1024px) 100vw, 1024px\" \/><\/div>\n\t\t<\/a>\n\t\t\t\t<div class=\"elementor-post__text\">\n\t\t\t\t<h1 class=\"elementor-post__title\">\n\t\t\t<a href=\"https:\/\/mutterteresa-hwv.ch\/al\/erfolgreich-medizinische-hilfe-in-norduganda-fuer-malariafaelle-und-verschiedensteentzuendungen\/\" target=\"&quot;_blank&quot;\">\n\t\t\t\tSuksessh\u00ebm: Ndihma mjek\u00ebsore n\u00eb Uganda Veriore p\u00ebr rastet e malaries dhe inflamacionet e ndryshme\t\t\t<\/a>\n\t\t<\/h1>\n\t\t\t\t<div class=\"elementor-post__excerpt\">\n\t\t\t<p>Uganda (Afrik\u00eb), maj 2023 \u2013 Shoqata N\u00ebna Terez\u00eb \u2013 HWV Zvic\u00ebr, n\u00eb bashk\u00ebpunim me udh\u00ebheq\u00ebsin e projektit Dr. Felix Okello, mb\u00ebshtet nj\u00eb mision dyditor mjek\u00ebsor n\u00eb veri t\u00eb Ugand\u00ebs<\/p>\n\t\t<\/div>\n\t\t\t\t<\/div>\n\t\t\t\t<\/article>\n\t\t\t\t<\/div>\n\t\t\n\t\t\t\t\t\t<\/div>\n\t\t\t\t<\/div>\n\t\t\t\t\t<\/div>\n\t\t\t\t<\/div>\n\t\t\t\t<section class=\"elementor-section elementor-top-section elementor-element elementor-element-4e3d715 elementor-section-stretched elementor-section-content-middle elementor-section-boxed elementor-section-height-default elementor-section-height-default\" data-id=\"4e3d715\" data-element_type=\"section\" data-settings=\"{&quot;stretch_section&quot;:&quot;section-stretched&quot;,&quot;background_background&quot;:&quot;classic&quot;}\">\n\t\t\t\t\t\t\t<div class=\"elementor-background-overlay\"><\/div>\n\t\t\t\t\t\t\t<div class=\"elementor-container elementor-column-gap-no\">\n\t\t\t\t\t<div class=\"elementor-column elementor-col-33 elementor-top-column elementor-element elementor-element-65abbe4\" data-id=\"65abbe4\" data-element_type=\"column\">\n\t\t\t<div class=\"elementor-widget-wrap\">\n\t\t\t\t\t\t\t<\/div>\n\t\t<\/div>\n\t\t\t\t<div class=\"elementor-column elementor-col-33 elementor-top-column elementor-element elementor-element-aa3bc30\" data-id=\"aa3bc30\" data-element_type=\"column\">\n\t\t\t<div class=\"elementor-widget-wrap elementor-element-populated\">\n\t\t\t\t\t\t<div class=\"elementor-element elementor-element-843f7a9 elementor-widget elementor-widget-ecolar_testimonials\" data-id=\"843f7a9\" data-element_type=\"widget\" data-widget_type=\"ecolar_testimonials.default\">\n\t\t\t\t<div class=\"elementor-widget-container\">\n\t\t\t\t\t\r\n\t\t\t<script>\r\n\t\t\tjQuery(document).ready(function($) {\r\n\t\t\t\t\"use strict\";\r\n\t\t\t\t$(\".testimonial-slide-1767\").slick({\r\n\t\t\t\t\tslidesToShow: 1,\r\n\t\t\t\t\tslidesToScroll: 1,\r\n                    arrows: false,\r\n                    rtl: false,\r\n\t\t\t\t\tdots: true,\r\n\t\t\t\t\tinfinite: true,\r\n\t\t\t\t\tautoplay: true,speed: 1000,autoplaySpeed: 3000,\r\n                    responsive: [\r\n\t\t\t\t\t\t{\r\n                            breakpoint: 1124,\r\n                            settings: {\r\n                                slidesToShow: 1\r\n                            }\r\n                        },\r\n                        {\r\n                            breakpoint: 992,\r\n                            settings: {\r\n                                slidesToShow: 1\r\n                            }\r\n                        },\r\n\t\t\t\t\t\t{\r\n\t\t\t\t\t\t\tbreakpoint: 769,\r\n\t\t\t\t\t\t\tsettings: {\r\n\t\t\t\t\t\t\t\tslidesToShow: 1\r\n\t\t\t\t\t\t\t}\r\n\t\t\t\t\t\t},\r\n\t\t\t\t\t\t{\r\n\t\t\t\t\t\t\tbreakpoint: 680,\r\n\t\t\t\t\t\t\tsettings: {\r\n\t\t\t\t\t\t\t\tslidesToShow: 1\r\n\t\t\t\t\t\t\t}\r\n\t\t\t\t\t\t}\r\n\t\t\t\t\t]\r\n\t\t\t\t});\r\n\t\t\t});\r\n\t\t\t<\/script>        <div class=\"testimonial-wrapper testimonial-one\">\r\n            <div class=\"testimonial-inner\">\r\n                <div class=\"testimonial-items testimonial-slide-1767 no-row\">\r\n                                            <div class=\"testimonial-single align-items-center no-col\">\r\n                                                        <div class=\"tesimonial-contents\">\r\n                                <div class=\"testi-icon\"><i class=\"fas fa-quote-right\"><\/i><\/div>\r\n                                <div class=\"testimonial-dec\"><p>\"Nuk t\u00eb gjith\u00eb prej nesh mund t\u00eb b\u00ebjn\u00eb gj\u00ebra t\u00eb m\u00ebdha. Por ne mund t\u00eb b\u00ebjm\u00eb gj\u00ebra t\u00eb vogla me shum\u00eb dashuri.\"<\/p><\/div>\r\n                                <div class=\"testimonial-info\">\r\n                                    <h2 class=\"testimonial-title\">N\u00ebn\u00eb Tereza<\/h2>\r\n                                    <h5 class=\"testimonial-sub-title\"><\/h5>\r\n                                <\/div>\r\n                            <\/div>\r\n                        <\/div>\r\n                                            <div class=\"testimonial-single align-items-center no-col\">\r\n                                                        <div class=\"tesimonial-contents\">\r\n                                <div class=\"testi-icon\"><i class=\"fas fa-quote-right\"><\/i><\/div>\r\n                                <div class=\"testimonial-dec\"><p>\"Kur gjykon njer\u00ebzit, nuk ke koh\u00eb t'i duash ata.\"<\/p><\/div>\r\n                                <div class=\"testimonial-info\">\r\n                                    <h2 class=\"testimonial-title\">N\u00ebn\u00eb Tereza<\/h2>\r\n                                    <h5 class=\"testimonial-sub-title\"><\/h5>\r\n                                <\/div>\r\n                            <\/div>\r\n                        <\/div>\r\n                                            <div class=\"testimonial-single align-items-center no-col\">\r\n                                                        <div class=\"tesimonial-contents\">\r\n                                <div class=\"testi-icon\"><i class=\"fas fa-quote-right\"><\/i><\/div>\r\n                                <div class=\"testimonial-dec\"><p>\"Un\u00eb vet\u00eb nuk mund ta ndryshoj bot\u00ebn, por mund t\u00eb hedh nj\u00eb gur mbi uj\u00eb p\u00ebr t\u00eb krijuar shum\u00eb vale.\"<\/p><\/div>\r\n                                <div class=\"testimonial-info\">\r\n                                    <h2 class=\"testimonial-title\">N\u00ebn\u00eb Tereza<\/h2>\r\n                                    <h5 class=\"testimonial-sub-title\"><\/h5>\r\n                                <\/div>\r\n                            <\/div>\r\n                        <\/div>\r\n                                            <div class=\"testimonial-single align-items-center no-col\">\r\n                                                        <div class=\"tesimonial-contents\">\r\n                                <div class=\"testi-icon\"><i class=\"fas fa-quote-right\"><\/i><\/div>\r\n                                <div class=\"testimonial-dec\"><p>\"P\u00ebrhap dashuri, kudo q\u00eb t\u00eb shkosh. Mos lejo ask\u00ebnd t\u00eb vij\u00eb te ti pa u larguar m\u00eb i lumtur.\"<\/p><\/div>\r\n                                <div class=\"testimonial-info\">\r\n                                    <h2 class=\"testimonial-title\">N\u00ebn\u00eb Tereza<\/h2>\r\n                                    <h5 class=\"testimonial-sub-title\"><\/h5>\r\n                                <\/div>\r\n                            <\/div>\r\n                        <\/div>\r\n                                            <div class=\"testimonial-single align-items-center no-col\">\r\n                                                        <div class=\"tesimonial-contents\">\r\n                                <div class=\"testi-icon\"><i class=\"fas fa-quote-right\"><\/i><\/div>\r\n                                <div class=\"testimonial-dec\"><p>\"Fjal\u00ebt miq\u00ebsore mund t\u00eb thuhen shkurt dhe thjesht, por pasojat e tyre jan\u00eb v\u00ebrtet t\u00eb pafundme.\"<\/p><\/div>\r\n                                <div class=\"testimonial-info\">\r\n                                    <h2 class=\"testimonial-title\">N\u00ebn\u00eb Tereza<\/h2>\r\n                                    <h5 class=\"testimonial-sub-title\"><\/h5>\r\n                                <\/div>\r\n                            <\/div>\r\n                        <\/div>\r\n                                            <div class=\"testimonial-single align-items-center no-col\">\r\n                                                        <div class=\"tesimonial-contents\">\r\n                                <div class=\"testi-icon\"><i class=\"fas fa-quote-right\"><\/i><\/div>\r\n                                <div class=\"testimonial-dec\"><p>\"Uri p\u00ebr dashuri \u00ebsht\u00eb shum\u00eb m\u00eb e v\u00ebshtir\u00eb t\u00eb ngopet sesa uri p\u00ebr buk\u00eb\"<\/p><\/div>\r\n                                <div class=\"testimonial-info\">\r\n                                    <h2 class=\"testimonial-title\">N\u00ebn\u00eb Tereza<\/h2>\r\n                                    <h5 class=\"testimonial-sub-title\"><\/h5>\r\n                                <\/div>\r\n                            <\/div>\r\n                        <\/div>\r\n                                            <div class=\"testimonial-single align-items-center no-col\">\r\n                                                        <div class=\"tesimonial-contents\">\r\n                                <div class=\"testi-icon\"><i class=\"fas fa-quote-right\"><\/i><\/div>\r\n                                <div class=\"testimonial-dec\"><p>\"Paqja fillon me nj\u00eb buz\u00ebqeshje\"<\/p><\/div>\r\n                                <div class=\"testimonial-info\">\r\n                                    <h2 class=\"testimonial-title\">N\u00ebn\u00eb Tereza<\/h2>\r\n                                    <h5 class=\"testimonial-sub-title\"><\/h5>\r\n                                <\/div>\r\n                            <\/div>\r\n                        <\/div>\r\n                                    <\/div>\r\n            <\/div>\r\n        <\/div>\r\n        \t\t\t\t<\/div>\n\t\t\t\t<\/div>\n\t\t\t\t\t<\/div>\n\t\t<\/div>\n\t\t\t\t<div class=\"elementor-column elementor-col-33 elementor-top-column elementor-element elementor-element-c91a15c\" data-id=\"c91a15c\" data-element_type=\"column\">\n\t\t\t<div class=\"elementor-widget-wrap\">\n\t\t\t\t\t\t\t<\/div>\n\t\t<\/div>\n\t\t\t\t\t<\/div>\n\t\t<\/section>\n\t\t<div class=\"elementor-element elementor-element-1c81759 e-flex e-con-boxed e-con e-parent\" data-id=\"1c81759\" data-element_type=\"container\">\n\t\t\t\t\t<div class=\"e-con-inner\">\n\t\t<div class=\"elementor-element elementor-element-70fa8b4 e-flex e-con-boxed e-con e-child\" data-id=\"70fa8b4\" data-element_type=\"container\">\n\t\t\t\t\t<div class=\"e-con-inner\">\n\t\t\t\t<div class=\"elementor-element elementor-element-98938e4 elementor-widget elementor-widget-html\" data-id=\"98938e4\" data-element_type=\"widget\" data-widget_type=\"html.default\">\n\t\t\t\t<div class=\"elementor-widget-container\">\n\t\t\t\t\t<script language=\"javascript\" src=\"https:\/\/widget.raisenow.com\/widgets\/lema\/mutte-ea96\/js\/dds-init-widget-de.js\" type=\"text\/javascript\"><\/script>\r\n\r\n<div class=\"dds-widget-container\" data-widget=\"lema\"><\/div>\t\t\t\t<\/div>\n\t\t\t\t<\/div>\n\t\t\t\t\t<\/div>\n\t\t\t\t<\/div>\n\t\t\t\t\t<\/div>\n\t\t\t\t<\/div>\n\t\t\t\t<\/div>","protected":false},"excerpt":{"rendered":"<p>Unsere Projekte &#171;Nicht alle von uns k\u00f6nnen grosse Dinge tun. Aber wir k\u00f6nnen kleine Dinge mit grosser Liebe tun&#187; Mutter Teresa &#171;Wenn du Menschen beurteilst, hast du keine Zeit, sie zu lieben&#187; Mutter Teresa &#171;Ich allein kann die Welt nicht ver\u00e4ndern, aber ich kann einen Stein \u00fcber das Wasser werfen, um viele Wellen zu erzeugen&#187; [&hellip;]<\/p>","protected":false},"author":1,"featured_media":0,"parent":0,"menu_order":0,"comment_status":"closed","ping_status":"closed","template":"","meta":{"give_campaign_id":0,"footnotes":""},"class_list":["post-1054","page","type-page","status-publish","hentry"],"campaignId":"","_links":{"self":[{"href":"https:\/\/mutterteresa-hwv.ch\/al\/wp-json\/wp\/v2\/pages\/1054","targetHints":{"allow":["GET"]}}],"collection":[{"href":"https:\/\/mutterteresa-hwv.ch\/al\/wp-json\/wp\/v2\/pages"}],"about":[{"href":"https:\/\/mutterteresa-hwv.ch\/al\/wp-json\/wp\/v2\/types\/page"}],"author":[{"embeddable":true,"href":"https:\/\/mutterteresa-hwv.ch\/al\/wp-json\/wp\/v2\/users\/1"}],"replies":[{"embeddable":true,"href":"https:\/\/mutterteresa-hwv.ch\/al\/wp-json\/wp\/v2\/comments?post=1054"}],"version-history":[{"count":130,"href":"https:\/\/mutterteresa-hwv.ch\/al\/wp-json\/wp\/v2\/pages\/1054\/revisions"}],"predecessor-version":[{"id":7119,"href":"https:\/\/mutterteresa-hwv.ch\/al\/wp-json\/wp\/v2\/pages\/1054\/revisions\/7119"}],"wp:attachment":[{"href":"https:\/\/mutterteresa-hwv.ch\/al\/wp-json\/wp\/v2\/media?parent=1054"}],"curies":[{"name":"wp","href":"https:\/\/api.w.org\/{rel}","templated":true}]}}